{"id":26607,"date":"2024-08-23T14:19:21","date_gmt":"2024-08-23T18:19:21","guid":{"rendered":"https:\/\/www.studio303.ca\/laura-toma-gaga-people\/"},"modified":"2024-08-23T15:15:19","modified_gmt":"2024-08-23T19:15:19","slug":"laura-toma-gaga-people","status":"publish","type":"page","link":"https:\/\/www.studio303.ca\/en\/laura-toma-gaga-people\/","title":{"rendered":"Laura Toma \u2014 GAGA\/people"},"content":{"rendered":"\n<p><\/p>\n\n\n\n<p style=\"font-size:clamp(14px, 0.875rem + ((1vw - 3.2px) * 0.244), 16px);\"><strong>MONDAY: 6PM \u2013 7PM<\/strong><\/p>\n\n\n\n<!--more-->\n\n\n\n<p style=\"font-size:14px\"><strong>FALL:<\/strong> <strong>September 9 to December 2nd <\/strong><em>(no class on September 30th)<\/em> <br><strong>$22 + tax per class<\/strong> <strong>$17 + tax for RQD members<\/strong> (upon presentation of valid membership card) <br><strong>$95 + tax for a 5-class card<\/strong> <br><strong>$170 + tax for a 10-class card<\/strong> <br><strong>Registration and payments:<\/strong> Visit <a href=\"http:\/\/www.lauratoma.ca\/\" rel=\"noopener\"><span style=\"color: #0a8316;\">www.lauratoma.ca<\/span><\/a> for class registration. Classes are also offered at various locations throughout the city\u2014be sure to check the website for additional dates and times. <br><strong>Bilingual teacher<\/strong><br><br>*All classes and class cards expire at the end of the session (December 6). They are not transferable to future sessions and payments are non-refundable.<br>**Feel free to mix and match from all the classes I offer. Don\u2019t forget to check out my website for more details!<\/p>\n\n\n\n<p style=\"font-size:clamp(14px, 0.875rem + ((1vw - 3.2px) * 0.122), 15px);\"><\/p>\n\n\n\n<hr class=\"wp-block-separator has-css-opacity is-style-wide\"\/>\n\n\n\n<p class=\"has-text-color\" style=\"color:#0a8316;font-size:clamp(14px, 0.875rem + ((1vw - 3.2px) * 0.244), 16px);\"><strong>CATEGORY<\/strong><\/p>\n\n\n\n<div class=\"wp-block-buttons is-content-justification-left is-layout-flex wp-container-core-buttons-is-layout-bc8e6f51 wp-block-buttons-is-layout-flex\">\n<div class=\"wp-block-button has-custom-font-size is-style-outline has-small-font-size is-style-outline--1\"><a class=\"wp-block-button__link has-text-color wp-element-button\" href=\"\" title=\"Technique : traite d'une forme sp\u00e9cifique de danse ou de technique de performance. Ces cours sont g\u00e9n\u00e9ralement physiquement intenses.\n\" style=\"border-radius:0px;color:#361566\">Dance<\/a><\/div>\n\n\n\n<div class=\"wp-block-button has-custom-font-size is-style-outline has-small-font-size is-style-outline--2\"><a class=\"wp-block-button__link has-text-color wp-element-button\" href=\"\" title=\"Processus de cr\u00e9ation: met l'accent sur le d\u00e9veloppement d'une vision cr\u00e9ative personnelle, mise en pratique\" style=\"border-radius:0px;color:#8f051b\">GAGA<\/a><\/div>\n<\/div>\n\n\n\n<p><\/p>\n\n\n\n<p class=\"has-text-color\" style=\"color:#0a8316;font-size:clamp(14px, 0.875rem + ((1vw - 3.2px) * 0.244), 16px);\"><strong>CONTENT<\/strong><\/p>\n\n\n\n<p style=\"font-size:clamp(14px, 0.875rem + ((1vw - 3.2px) * 0.122), 15px);\">A Gaga\/People class is one hour in length and is open to people ages 16+, regardless of background in dance or movement. No previous dance experience is needed. \u201cThe teacher guides the participants using a series of evocative instructions that build one on top of the other. Rather than copying a particular movement, each participant in the class actively explores these instructions, discovering how he or she can interpret the information and perform the task at hand. Gaga\/people classes offer a creative framework for participants to connect to their bodies and imaginations, increase their physical awareness, improve their flexibility and stamina, and experience the pleasure of movement in a welcoming, accepting atmosphere.<\/p>\n\n\n\n<p class=\"has-text-color\" style=\"color:#0a8316;font-size:clamp(14px, 0.875rem + ((1vw - 3.2px) * 0.244), 16px);\"><strong>ACCESSIBILITY<\/strong><\/p>\n\n\n\n<p style=\"font-size:clamp(14px, 0.875rem + ((1vw - 3.2px) * 0.122), 15px);\">In Gaga we move continuously. From the beginning until the end of the class, participants are taken on a journey through various bodily states, ways of moving, speeds, and intensities. Instructions are given verbally by the teacher; who is not only teaching the class, but also taking it. Even if verbal cues are not understood, information can be gathered by looking at her body and practicing imitation. All parts of the body are called into use, though each participant can work at their own level and adapt as appropriate. No one is permitted to sit and observe a Gaga class \u2014 neither for all nor for part of it. In the case of reduced mobility, Gaga welcomes the investigation of concepts explored even on the subtlest of levels. Music plays an important role in the development of class; at times it is played quietly in the background and at others loudly. However, it is often emphasized that groove is within the body and not the music. All participants will be encouraged to research this whether they can or cannot distinctly hear the accompanying audio tracks. Due to COVID-19, partnering will not be required.<\/p>\n\n\n\n<p class=\"has-text-color\" style=\"color:#0a8316;font-size:clamp(14px, 0.875rem + ((1vw - 3.2px) * 0.244), 16px);\"><strong>BIOGRAPHY&nbsp;<\/strong><\/p>\n\n\n\n<p style=\"font-size:clamp(14px, 0.875rem + ((1vw - 3.2px) * 0.122), 15px);\"><span style=\"color: #0a8316;\"><strong><a style=\"color: #0a8316;\" href=\"https:\/\/www.facebook.com\/gagalaura\" target=\"_blank\" rel=\"noopener\">Laura Toma<\/a><\/strong><\/span>&nbsp;is a contemporary dance artist living in Montreal, Canada. In August of 2012, Laura graduated from the first official Gaga Teacher Training Program in Tel Aviv, Israel and is the first certified Gaga teacher in Canada. In addition to her&nbsp;ongoing Gaga\/people classes, she has taught for Compagnie Marie Chouinard, Les Ballets Jazz de Montr\u00e9al, and L\u2019\u00c9cole Sup\u00e9rieure de Ballet du Qu\u00e9bec, among others. She is&nbsp;co-founder and co-choreographer of LA TRESSE collective alongside partners Genevi\u00e8ve Boulet and Erin O\u2019Loughlin. Between 2014 and 2022 Laura was a core member of Andrea Pe\u00f1a and Artists, touring nationally and internationally. In 2016, she performed at the Venice Biennale of Dance for Israeli\/French choreographer Emanuel Gat. She is currently working on an exciting new project with internationally acclaimed modern choreographer\/dancer Margie Gillis, set to premiere in November 2025.&nbsp;Listen to her&nbsp;body scans and meditations on Spotify and Apple Music, and enjoy her curated Gaga playlists available only on Spotify.<\/p>\n\n\n\n<p style=\"font-size:clamp(14px, 0.875rem + ((1vw - 3.2px) * 0.122), 15px);\">Spotify:&nbsp;<a href=\"https:\/\/open.spotify.com\/artist\/6jmEAHzeF6RauIjmjjRtMA?si=B-7Op19XSViLkUe39X9RVg\" target=\"_blank\" rel=\"noreferrer noopener\"><mark class=\"has-inline-color\" style=\"background-color: rgba(0, 0, 0, 0); color: #0a8316;\">https:\/\/open.spotify.com\/artist\/6jmEAHzeF6RauIjmjjRtMA?si=B-7Op19XSViLkUe39X9RVg<\/mark><\/a><\/p>\n\n\n\n<p style=\"font-size:clamp(14px, 0.875rem + ((1vw - 3.2px) * 0.122), 15px);\">Apple Music:&nbsp;<a href=\"https:\/\/music.apple.com\/us\/artist\/laura-toma\/1645675339\" target=\"_blank\" rel=\"noreferrer noopener\"><mark class=\"has-inline-color\" style=\"background-color: rgba(0, 0, 0, 0); color: #0a8316;\">https:\/\/music.apple.com\/us\/artist\/laura-toma\/1645675339<\/mark><\/a><\/p>\n\n\n\n<hr class=\"wp-block-separator has-css-opacity is-style-wide\"\/>\n\n\n\n<div class=\"wp-block-columns is-layout-flex wp-container-core-columns-is-layout-28f84493 wp-block-columns-is-layout-flex\" id=\"zeffy\">\n<div class=\"wp-block-column is-layout-flow wp-block-column-is-layout-flow\">\n<p style=\"font-size:clamp(14px, 0.875rem + ((1vw - 3.2px) * 0.122), 15px);\"><strong>These classes are open to all levels, and advance registration for one or more classes is recommended.<\/strong><\/p>\n\n\n\n<p style=\"font-size:clamp(14px, 0.875rem + ((1vw - 3.2px) * 0.122), 15px);\"><strong>Please contact your teacher for more information.<\/strong><\/p>\n<\/div>\n<\/div>\n","protected":false},"excerpt":{"rendered":"<p>MONDAY: 6PM \u2013 7PM<\/p>\n","protected":false},"author":2,"featured_media":19777,"parent":0,"menu_order":0,"comment_status":"closed","ping_status":"closed","template":"","meta":{"_acf_changed":false,"inline_featured_image":false,"_exactmetrics_skip_tracking":false,"_exactmetrics_sitenote_active":false,"_exactmetrics_sitenote_note":"","_exactmetrics_sitenote_category":0,"_themeisle_gutenberg_block_has_review":false,"footnotes":""},"class_list":["post-26607","page","type-page","status-publish","has-post-thumbnail","hentry"],"acf":[],"yoast_head":"<!-- This site is optimized with the Yoast SEO plugin v27.5 - https:\/\/yoast.com\/product\/yoast-seo-wordpress\/ -->\n<title>Laura Toma \u2014 GAGA\/people - Studio 303<\/title>\n<meta name=\"robots\" content=\"index, follow, max-snippet:-1, max-image-preview:large, max-video-preview:-1\" \/>\n<link rel=\"canonical\" href=\"https:\/\/www.studio303.ca\/en\/laura-toma-gaga-people\/\" \/>\n<meta property=\"og:locale\" content=\"en_US\" \/>\n<meta property=\"og:type\" content=\"article\" \/>\n<meta property=\"og:title\" content=\"Laura Toma \u2014 GAGA\/people - Studio 303\" \/>\n<meta property=\"og:description\" content=\"MONDAY: 6PM \u2013 7PM\" \/>\n<meta property=\"og:url\" content=\"https:\/\/www.studio303.ca\/en\/laura-toma-gaga-people\/\" \/>\n<meta property=\"og:site_name\" content=\"Studio 303\" \/>\n<meta property=\"article:publisher\" content=\"https:\/\/www.facebook.com\/studio303.montreal\" \/>\n<meta property=\"article:modified_time\" content=\"2024-08-23T19:15:19+00:00\" \/>\n<meta property=\"og:image\" content=\"https:\/\/www.studio303.ca\/wp-content\/uploads\/2023\/06\/Laura-Toma-\u00a9-Ascaf-Avraham-SW.png\" \/>\n\t<meta property=\"og:image:width\" content=\"640\" \/>\n\t<meta property=\"og:image:height\" content=\"480\" \/>\n\t<meta property=\"og:image:type\" content=\"image\/png\" \/>\n<meta name=\"twitter:card\" content=\"summary_large_image\" \/>\n<meta name=\"twitter:label1\" content=\"Est. reading time\" \/>\n\t<meta name=\"twitter:data1\" content=\"3 minutes\" \/>\n<script type=\"application\/ld+json\" class=\"yoast-schema-graph\">{\"@context\":\"https:\\\/\\\/schema.org\",\"@graph\":[{\"@type\":\"WebPage\",\"@id\":\"https:\\\/\\\/www.studio303.ca\\\/en\\\/laura-toma-gaga-people\\\/\",\"url\":\"https:\\\/\\\/www.studio303.ca\\\/en\\\/laura-toma-gaga-people\\\/\",\"name\":\"Laura Toma \u2014 GAGA\\\/people - Studio 303\",\"isPartOf\":{\"@id\":\"https:\\\/\\\/www.studio303.ca\\\/#website\"},\"primaryImageOfPage\":{\"@id\":\"https:\\\/\\\/www.studio303.ca\\\/en\\\/laura-toma-gaga-people\\\/#primaryimage\"},\"image\":{\"@id\":\"https:\\\/\\\/www.studio303.ca\\\/en\\\/laura-toma-gaga-people\\\/#primaryimage\"},\"thumbnailUrl\":\"https:\\\/\\\/www.studio303.ca\\\/wp-content\\\/uploads\\\/2023\\\/06\\\/Laura-Toma-\u00a9-Ascaf-Avraham-SW.png\",\"datePublished\":\"2024-08-23T18:19:21+00:00\",\"dateModified\":\"2024-08-23T19:15:19+00:00\",\"breadcrumb\":{\"@id\":\"https:\\\/\\\/www.studio303.ca\\\/en\\\/laura-toma-gaga-people\\\/#breadcrumb\"},\"inLanguage\":\"en-US\",\"potentialAction\":[{\"@type\":\"ReadAction\",\"target\":[\"https:\\\/\\\/www.studio303.ca\\\/en\\\/laura-toma-gaga-people\\\/\"]}]},{\"@type\":\"ImageObject\",\"inLanguage\":\"en-US\",\"@id\":\"https:\\\/\\\/www.studio303.ca\\\/en\\\/laura-toma-gaga-people\\\/#primaryimage\",\"url\":\"https:\\\/\\\/www.studio303.ca\\\/wp-content\\\/uploads\\\/2023\\\/06\\\/Laura-Toma-\u00a9-Ascaf-Avraham-SW.png\",\"contentUrl\":\"https:\\\/\\\/www.studio303.ca\\\/wp-content\\\/uploads\\\/2023\\\/06\\\/Laura-Toma-\u00a9-Ascaf-Avraham-SW.png\",\"width\":640,\"height\":480,\"caption\":\"\u00a9 Ascaf Avraham\"},{\"@type\":\"BreadcrumbList\",\"@id\":\"https:\\\/\\\/www.studio303.ca\\\/en\\\/laura-toma-gaga-people\\\/#breadcrumb\",\"itemListElement\":[{\"@type\":\"ListItem\",\"position\":1,\"name\":\"Home\",\"item\":\"https:\\\/\\\/www.studio303.ca\\\/en\\\/home\\\/\"},{\"@type\":\"ListItem\",\"position\":2,\"name\":\"Laura Toma \u2014 GAGA\\\/people\"}]},{\"@type\":\"WebSite\",\"@id\":\"https:\\\/\\\/www.studio303.ca\\\/#website\",\"url\":\"https:\\\/\\\/www.studio303.ca\\\/\",\"name\":\"Studio 303\",\"description\":\"Lieu de diffusion et de soutien pour la danse et l&#039;art indisciplin\u00e9 \u00e0 Montr\u00e9al.\",\"publisher\":{\"@id\":\"https:\\\/\\\/www.studio303.ca\\\/#organization\"},\"potentialAction\":[{\"@type\":\"SearchAction\",\"target\":{\"@type\":\"EntryPoint\",\"urlTemplate\":\"https:\\\/\\\/www.studio303.ca\\\/?s={search_term_string}\"},\"query-input\":{\"@type\":\"PropertyValueSpecification\",\"valueRequired\":true,\"valueName\":\"search_term_string\"}}],\"inLanguage\":\"en-US\"},{\"@type\":\"Organization\",\"@id\":\"https:\\\/\\\/www.studio303.ca\\\/#organization\",\"name\":\"Studio 303\",\"url\":\"https:\\\/\\\/www.studio303.ca\\\/\",\"logo\":{\"@type\":\"ImageObject\",\"inLanguage\":\"en-US\",\"@id\":\"https:\\\/\\\/www.studio303.ca\\\/#\\\/schema\\\/logo\\\/image\\\/\",\"url\":\"https:\\\/\\\/www.studio303.ca\\\/wp-content\\\/uploads\\\/2025\\\/08\\\/studio303-logo_black-c2586d.svg\",\"contentUrl\":\"https:\\\/\\\/www.studio303.ca\\\/wp-content\\\/uploads\\\/2025\\\/08\\\/studio303-logo_black-c2586d.svg\",\"caption\":\"Studio 303\"},\"image\":{\"@id\":\"https:\\\/\\\/www.studio303.ca\\\/#\\\/schema\\\/logo\\\/image\\\/\"},\"sameAs\":[\"https:\\\/\\\/www.facebook.com\\\/studio303.montreal\",\"http:\\\/\\\/instagram.com\\\/studio303\"]}]}<\/script>\n<!-- \/ Yoast SEO plugin. -->","yoast_head_json":{"title":"Laura Toma \u2014 GAGA\/people - Studio 303","robots":{"index":"index","follow":"follow","max-snippet":"max-snippet:-1","max-image-preview":"max-image-preview:large","max-video-preview":"max-video-preview:-1"},"canonical":"https:\/\/www.studio303.ca\/en\/laura-toma-gaga-people\/","og_locale":"en_US","og_type":"article","og_title":"Laura Toma \u2014 GAGA\/people - Studio 303","og_description":"MONDAY: 6PM \u2013 7PM","og_url":"https:\/\/www.studio303.ca\/en\/laura-toma-gaga-people\/","og_site_name":"Studio 303","article_publisher":"https:\/\/www.facebook.com\/studio303.montreal","article_modified_time":"2024-08-23T19:15:19+00:00","og_image":[{"width":640,"height":480,"url":"https:\/\/www.studio303.ca\/wp-content\/uploads\/2023\/06\/Laura-Toma-\u00a9-Ascaf-Avraham-SW.png","type":"image\/png"}],"twitter_card":"summary_large_image","twitter_misc":{"Est. reading time":"3 minutes"},"schema":{"@context":"https:\/\/schema.org","@graph":[{"@type":"WebPage","@id":"https:\/\/www.studio303.ca\/en\/laura-toma-gaga-people\/","url":"https:\/\/www.studio303.ca\/en\/laura-toma-gaga-people\/","name":"Laura Toma \u2014 GAGA\/people - Studio 303","isPartOf":{"@id":"https:\/\/www.studio303.ca\/#website"},"primaryImageOfPage":{"@id":"https:\/\/www.studio303.ca\/en\/laura-toma-gaga-people\/#primaryimage"},"image":{"@id":"https:\/\/www.studio303.ca\/en\/laura-toma-gaga-people\/#primaryimage"},"thumbnailUrl":"https:\/\/www.studio303.ca\/wp-content\/uploads\/2023\/06\/Laura-Toma-\u00a9-Ascaf-Avraham-SW.png","datePublished":"2024-08-23T18:19:21+00:00","dateModified":"2024-08-23T19:15:19+00:00","breadcrumb":{"@id":"https:\/\/www.studio303.ca\/en\/laura-toma-gaga-people\/#breadcrumb"},"inLanguage":"en-US","potentialAction":[{"@type":"ReadAction","target":["https:\/\/www.studio303.ca\/en\/laura-toma-gaga-people\/"]}]},{"@type":"ImageObject","inLanguage":"en-US","@id":"https:\/\/www.studio303.ca\/en\/laura-toma-gaga-people\/#primaryimage","url":"https:\/\/www.studio303.ca\/wp-content\/uploads\/2023\/06\/Laura-Toma-\u00a9-Ascaf-Avraham-SW.png","contentUrl":"https:\/\/www.studio303.ca\/wp-content\/uploads\/2023\/06\/Laura-Toma-\u00a9-Ascaf-Avraham-SW.png","width":640,"height":480,"caption":"\u00a9 Ascaf Avraham"},{"@type":"BreadcrumbList","@id":"https:\/\/www.studio303.ca\/en\/laura-toma-gaga-people\/#breadcrumb","itemListElement":[{"@type":"ListItem","position":1,"name":"Home","item":"https:\/\/www.studio303.ca\/en\/home\/"},{"@type":"ListItem","position":2,"name":"Laura Toma \u2014 GAGA\/people"}]},{"@type":"WebSite","@id":"https:\/\/www.studio303.ca\/#website","url":"https:\/\/www.studio303.ca\/","name":"Studio 303","description":"Lieu de diffusion et de soutien pour la danse et l&#039;art indisciplin\u00e9 \u00e0 Montr\u00e9al.","publisher":{"@id":"https:\/\/www.studio303.ca\/#organization"},"potentialAction":[{"@type":"SearchAction","target":{"@type":"EntryPoint","urlTemplate":"https:\/\/www.studio303.ca\/?s={search_term_string}"},"query-input":{"@type":"PropertyValueSpecification","valueRequired":true,"valueName":"search_term_string"}}],"inLanguage":"en-US"},{"@type":"Organization","@id":"https:\/\/www.studio303.ca\/#organization","name":"Studio 303","url":"https:\/\/www.studio303.ca\/","logo":{"@type":"ImageObject","inLanguage":"en-US","@id":"https:\/\/www.studio303.ca\/#\/schema\/logo\/image\/","url":"https:\/\/www.studio303.ca\/wp-content\/uploads\/2025\/08\/studio303-logo_black-c2586d.svg","contentUrl":"https:\/\/www.studio303.ca\/wp-content\/uploads\/2025\/08\/studio303-logo_black-c2586d.svg","caption":"Studio 303"},"image":{"@id":"https:\/\/www.studio303.ca\/#\/schema\/logo\/image\/"},"sameAs":["https:\/\/www.facebook.com\/studio303.montreal","http:\/\/instagram.com\/studio303"]}]}},"_links":{"self":[{"href":"https:\/\/www.studio303.ca\/en\/wp-json\/wp\/v2\/pages\/26607","targetHints":{"allow":["GET"]}}],"collection":[{"href":"https:\/\/www.studio303.ca\/en\/wp-json\/wp\/v2\/pages"}],"about":[{"href":"https:\/\/www.studio303.ca\/en\/wp-json\/wp\/v2\/types\/page"}],"author":[{"embeddable":true,"href":"https:\/\/www.studio303.ca\/en\/wp-json\/wp\/v2\/users\/2"}],"replies":[{"embeddable":true,"href":"https:\/\/www.studio303.ca\/en\/wp-json\/wp\/v2\/comments?post=26607"}],"version-history":[{"count":3,"href":"https:\/\/www.studio303.ca\/en\/wp-json\/wp\/v2\/pages\/26607\/revisions"}],"predecessor-version":[{"id":26619,"href":"https:\/\/www.studio303.ca\/en\/wp-json\/wp\/v2\/pages\/26607\/revisions\/26619"}],"wp:featuredmedia":[{"embeddable":true,"href":"https:\/\/www.studio303.ca\/en\/wp-json\/wp\/v2\/media\/19777"}],"wp:attachment":[{"href":"https:\/\/www.studio303.ca\/en\/wp-json\/wp\/v2\/media?parent=26607"}],"curies":[{"name":"wp","href":"https:\/\/api.w.org\/{rel}","templated":true}]}}