{"id":27553,"date":"2025-03-13T16:21:54","date_gmt":"2025-03-13T20:21:54","guid":{"rendered":"https:\/\/www.studio303.ca\/?page_id=27553"},"modified":"2025-03-14T17:29:29","modified_gmt":"2025-03-14T21:29:29","slug":"benjamin-herrero-reclaiming-the-body-in-movement-2","status":"publish","type":"page","link":"https:\/\/www.studio303.ca\/en\/benjamin-herrero-reclaiming-the-body-in-movement-2\/","title":{"rendered":"Benjamin Herrero \u2014 Reclaiming the body in movement"},"content":{"rendered":"\n<p style=\"font-size:clamp(14px, 0.875rem + ((1vw - 3.2px) * 0.244), 16px);\"><strong>THURSDAY: 6:00 PM &#8211; 7:15 PM<\/strong><\/p>\n\n\n\n<!--more-->\n\n\n\n<p style=\"font-size:14px\"><strong>SPRING: April 3 to June 12, 2025<\/strong> <br><strong>$20 per class<\/strong><br><strong>$100 for 6-classes pass<\/strong><br><strong>$180 for full session <\/strong>(11 classes)<br><strong>Payment methods:<\/strong> Preferably by e-Transfer to ben.herrero@gmail.com, otherwise cash.<br><strong>Registration:<\/strong> Send an e-mail to ateliercorporel.ac@gmail.com or at the door (please note that the number of participants is limited).<br><strong>Class in french<\/strong><\/p>\n\n\n\n<p style=\"font-size:clamp(14px, 0.875rem + ((1vw - 3.2px) * 0.122), 15px);\"><\/p>\n\n\n\n<hr class=\"wp-block-separator has-css-opacity is-style-wide\"\/>\n\n\n\n<p class=\"has-text-color\" style=\"color:#0a8316;font-size:clamp(14px, 0.875rem + ((1vw - 3.2px) * 0.244), 16px);\"><strong>CATEGORY<\/strong><\/p>\n\n\n\n<div class=\"wp-block-buttons is-content-justification-left is-layout-flex wp-container-core-buttons-is-layout-bc8e6f51 wp-block-buttons-is-layout-flex\">\n<div class=\"wp-block-button has-custom-font-size is-style-outline has-small-font-size is-style-outline--1\"><a class=\"wp-block-button__link has-text-color wp-element-button\" href=\"\" title=\"Technique : traite d'une forme sp\u00e9cifique de danse ou de technique de performance. Ces cours sont g\u00e9n\u00e9ralement physiquement intenses.\n\" style=\"border-radius:0px;color:#361566\">Somatic<\/a><\/div>\n\n\n\n<div class=\"wp-block-button has-custom-font-size is-style-outline has-small-font-size is-style-outline--2\"><a class=\"wp-block-button__link has-text-color wp-element-button\" href=\"\" title=\"Processus de cr\u00e9ation: met l'accent sur le d\u00e9veloppement d'une vision cr\u00e9ative personnelle, mise en pratique\" style=\"border-radius:0px;color:#8f051b\">Interdisciplinary<\/a><\/div>\n<\/div>\n\n\n\n<p><\/p>\n\n\n\n<p class=\"has-text-color\" style=\"color:#0a8316;font-size:clamp(14px, 0.875rem + ((1vw - 3.2px) * 0.244), 16px);\"><strong>CONTENT<\/strong><\/p>\n\n\n\n<p style=\"font-size:clamp(14px, 0.875rem + ((1vw - 3.2px) * 0.122), 15px);\"><strong>Reclaiming the body<\/strong> is a course designed to explore freely danced movement as a means of becoming aware of each of the body&#8217;s physical and cognitive capacities, in both an intimate and social environment, while respecting each individual&#8217;s aptitudes and desires, and without any performative intent. My main inspirations come from yoga, movement meditation, <em>Gaga<\/em> <em>dance<\/em> and the Feldenkrais method. Designed for all body types and with a deep desire to create a safe, trusting space, this semi-guided class aims to be a tool for initiation into movement, helping to untie the body and deconstruct blocks and prejudices through play.<br><br>Some important notions in the course: inclusivity, embodiment, fun and somatic practices.<\/p>\n\n\n\n<p style=\"font-size:clamp(14px, 0.875rem + ((1vw - 3.2px) * 0.244), 16px);\"><strong><mark style=\"background-color:rgba(0, 0, 0, 0);color:#0a8316\" class=\"has-inline-color\">WHAT TO BRING<\/mark><\/strong><\/p>\n\n\n\n<p style=\"font-size:clamp(14px, 0.875rem + ((1vw - 3.2px) * 0.122), 15px);\">Comfortable clothing, ideally covering shoulders and knees (practical on the ground)<br>Water bottle.<\/p>\n\n\n\n<p class=\"has-text-color\" style=\"color:#0a8316;font-size:clamp(14px, 0.875rem + ((1vw - 3.2px) * 0.244), 16px);\"><strong>ACCESSIBILITY<\/strong><\/p>\n\n\n\n<p style=\"font-size:clamp(14px, 0.875rem + ((1vw - 3.2px) * 0.122), 15px);\">The aim of this class is to create a space of trust in which to play with the limits of individual capacities. You&#8217;re invited to become aware of your physical and cognitive boundaries, while striving to go beyond them a little further each time, while respecting your own desires. Exercises will exploit movement in a fast or slow context, on the floor or in space, solo or with partners. Exercises are, and always will be, adapted to each individual&#8217;s abilities and needs, with the emphasis on the pleasure of movement.&nbsp;<\/p>\n\n\n\n<p class=\"has-text-color\" style=\"color:#0a8316;font-size:clamp(14px, 0.875rem + ((1vw - 3.2px) * 0.244), 16px);\"><strong>BIOGRAPHY&nbsp;<\/strong><\/p>\n\n\n\n<p style=\"font-size:clamp(14px, 0.875rem + ((1vw - 3.2px) * 0.122), 15px);\">Over the past 10 years, <strong>Benjamin<\/strong> has had the chance to experiment with various approaches to the body, including yoga, Qi Gong, massage therapy and various forms of contemporary dance. A member of the RQD, he is also certified in \u00c9tudes critiques des sexualit\u00e9s and is currently studying for a DESS in Somatic Education at UQAM. His approach to movement is inspired by the bodily embodiment of feminist theories and Queer perspectives, but also by various holistic practices of the lived body. The Body Reappropriation course was born of all these experiences and influences, and the desire to pass on her knowledge of movement and the body.<br><br><a href=\"https:\/\/ateliercorporel.ca\"><mark style=\"background-color:rgba(0, 0, 0, 0);color:#0a8316\" class=\"has-inline-color\">https:\/\/ateliercorporel.ca<\/mark><\/a><\/p>\n\n\n\n<hr class=\"wp-block-separator has-css-opacity is-style-wide\"\/>\n\n\n\n<div class=\"wp-block-columns is-layout-flex wp-container-core-columns-is-layout-28f84493 wp-block-columns-is-layout-flex\" id=\"zeffy\">\n<div class=\"wp-block-column is-layout-flow wp-block-column-is-layout-flow\">\n<p style=\"font-size:clamp(14px, 0.875rem + ((1vw - 3.2px) * 0.122), 15px);\"><strong>These classes are open to all levels, and advance registration for one or more classes is recommended.<\/strong><\/p>\n\n\n\n<p style=\"font-size:clamp(14px, 0.875rem + ((1vw - 3.2px) * 0.122), 15px);\"><strong>Please contact your teacher for more information.<\/strong><\/p>\n<\/div>\n<\/div>\n\n\n\n<p><\/p>\n","protected":false},"excerpt":{"rendered":"<p>THURSDAY: 6:00 PM &#8211; 7:15 PM<\/p>\n","protected":false},"author":2,"featured_media":26668,"parent":0,"menu_order":0,"comment_status":"closed","ping_status":"closed","template":"","meta":{"_acf_changed":false,"inline_featured_image":false,"_exactmetrics_skip_tracking":false,"_exactmetrics_sitenote_active":false,"_exactmetrics_sitenote_note":"","_exactmetrics_sitenote_category":0,"_themeisle_gutenberg_block_has_review":false,"footnotes":""},"class_list":["post-27553","page","type-page","status-publish","has-post-thumbnail","hentry"],"acf":[],"yoast_head":"<!-- This site is optimized with the Yoast SEO plugin v27.5 - https:\/\/yoast.com\/product\/yoast-seo-wordpress\/ -->\n<title>Benjamin Herrero \u2014 Reclaiming the body in movement - Studio 303<\/title>\n<meta name=\"robots\" content=\"index, follow, max-snippet:-1, max-image-preview:large, max-video-preview:-1\" \/>\n<link rel=\"canonical\" href=\"https:\/\/www.studio303.ca\/en\/benjamin-herrero-reclaiming-the-body-in-movement-2\/\" \/>\n<meta property=\"og:locale\" content=\"en_US\" \/>\n<meta property=\"og:type\" content=\"article\" \/>\n<meta property=\"og:title\" content=\"Benjamin Herrero \u2014 Reclaiming the body in movement - Studio 303\" \/>\n<meta property=\"og:description\" content=\"THURSDAY: 6:00 PM &#8211; 7:15 PM\" \/>\n<meta property=\"og:url\" content=\"https:\/\/www.studio303.ca\/en\/benjamin-herrero-reclaiming-the-body-in-movement-2\/\" \/>\n<meta property=\"og:site_name\" content=\"Studio 303\" \/>\n<meta property=\"article:publisher\" content=\"https:\/\/www.facebook.com\/studio303.montreal\" \/>\n<meta property=\"article:modified_time\" content=\"2025-03-14T21:29:29+00:00\" \/>\n<meta property=\"og:image\" content=\"https:\/\/www.studio303.ca\/wp-content\/uploads\/2024\/08\/Atelier-Coporel-Nicolas-Biaux_1-e1724459239597.jpg\" \/>\n\t<meta property=\"og:image:width\" content=\"1667\" \/>\n\t<meta property=\"og:image:height\" content=\"1254\" \/>\n\t<meta property=\"og:image:type\" content=\"image\/jpeg\" \/>\n<meta name=\"twitter:card\" content=\"summary_large_image\" \/>\n<meta name=\"twitter:label1\" content=\"Est. reading time\" \/>\n\t<meta name=\"twitter:data1\" content=\"3 minutes\" \/>\n<script type=\"application\/ld+json\" class=\"yoast-schema-graph\">{\"@context\":\"https:\\\/\\\/schema.org\",\"@graph\":[{\"@type\":\"WebPage\",\"@id\":\"https:\\\/\\\/www.studio303.ca\\\/en\\\/benjamin-herrero-reclaiming-the-body-in-movement-2\\\/\",\"url\":\"https:\\\/\\\/www.studio303.ca\\\/en\\\/benjamin-herrero-reclaiming-the-body-in-movement-2\\\/\",\"name\":\"Benjamin Herrero \u2014 Reclaiming the body in movement - Studio 303\",\"isPartOf\":{\"@id\":\"https:\\\/\\\/www.studio303.ca\\\/#website\"},\"primaryImageOfPage\":{\"@id\":\"https:\\\/\\\/www.studio303.ca\\\/en\\\/benjamin-herrero-reclaiming-the-body-in-movement-2\\\/#primaryimage\"},\"image\":{\"@id\":\"https:\\\/\\\/www.studio303.ca\\\/en\\\/benjamin-herrero-reclaiming-the-body-in-movement-2\\\/#primaryimage\"},\"thumbnailUrl\":\"https:\\\/\\\/www.studio303.ca\\\/wp-content\\\/uploads\\\/2024\\\/08\\\/Atelier-Coporel-Nicolas-Biaux_1-e1724459239597.jpg\",\"datePublished\":\"2025-03-13T20:21:54+00:00\",\"dateModified\":\"2025-03-14T21:29:29+00:00\",\"breadcrumb\":{\"@id\":\"https:\\\/\\\/www.studio303.ca\\\/en\\\/benjamin-herrero-reclaiming-the-body-in-movement-2\\\/#breadcrumb\"},\"inLanguage\":\"en-US\",\"potentialAction\":[{\"@type\":\"ReadAction\",\"target\":[\"https:\\\/\\\/www.studio303.ca\\\/en\\\/benjamin-herrero-reclaiming-the-body-in-movement-2\\\/\"]}]},{\"@type\":\"ImageObject\",\"inLanguage\":\"en-US\",\"@id\":\"https:\\\/\\\/www.studio303.ca\\\/en\\\/benjamin-herrero-reclaiming-the-body-in-movement-2\\\/#primaryimage\",\"url\":\"https:\\\/\\\/www.studio303.ca\\\/wp-content\\\/uploads\\\/2024\\\/08\\\/Atelier-Coporel-Nicolas-Biaux_1-e1724459239597.jpg\",\"contentUrl\":\"https:\\\/\\\/www.studio303.ca\\\/wp-content\\\/uploads\\\/2024\\\/08\\\/Atelier-Coporel-Nicolas-Biaux_1-e1724459239597.jpg\",\"width\":1667,\"height\":1254,\"caption\":\"\u00a9 Nicolas Biaux\"},{\"@type\":\"BreadcrumbList\",\"@id\":\"https:\\\/\\\/www.studio303.ca\\\/en\\\/benjamin-herrero-reclaiming-the-body-in-movement-2\\\/#breadcrumb\",\"itemListElement\":[{\"@type\":\"ListItem\",\"position\":1,\"name\":\"Home\",\"item\":\"https:\\\/\\\/www.studio303.ca\\\/en\\\/home\\\/\"},{\"@type\":\"ListItem\",\"position\":2,\"name\":\"Benjamin Herrero \u2014 Reclaiming the body in movement\"}]},{\"@type\":\"WebSite\",\"@id\":\"https:\\\/\\\/www.studio303.ca\\\/#website\",\"url\":\"https:\\\/\\\/www.studio303.ca\\\/\",\"name\":\"Studio 303\",\"description\":\"Lieu de diffusion et de soutien pour la danse et l&#039;art indisciplin\u00e9 \u00e0 Montr\u00e9al.\",\"publisher\":{\"@id\":\"https:\\\/\\\/www.studio303.ca\\\/#organization\"},\"potentialAction\":[{\"@type\":\"SearchAction\",\"target\":{\"@type\":\"EntryPoint\",\"urlTemplate\":\"https:\\\/\\\/www.studio303.ca\\\/?s={search_term_string}\"},\"query-input\":{\"@type\":\"PropertyValueSpecification\",\"valueRequired\":true,\"valueName\":\"search_term_string\"}}],\"inLanguage\":\"en-US\"},{\"@type\":\"Organization\",\"@id\":\"https:\\\/\\\/www.studio303.ca\\\/#organization\",\"name\":\"Studio 303\",\"url\":\"https:\\\/\\\/www.studio303.ca\\\/\",\"logo\":{\"@type\":\"ImageObject\",\"inLanguage\":\"en-US\",\"@id\":\"https:\\\/\\\/www.studio303.ca\\\/#\\\/schema\\\/logo\\\/image\\\/\",\"url\":\"https:\\\/\\\/www.studio303.ca\\\/wp-content\\\/uploads\\\/2025\\\/08\\\/studio303-logo_black-c2586d.svg\",\"contentUrl\":\"https:\\\/\\\/www.studio303.ca\\\/wp-content\\\/uploads\\\/2025\\\/08\\\/studio303-logo_black-c2586d.svg\",\"caption\":\"Studio 303\"},\"image\":{\"@id\":\"https:\\\/\\\/www.studio303.ca\\\/#\\\/schema\\\/logo\\\/image\\\/\"},\"sameAs\":[\"https:\\\/\\\/www.facebook.com\\\/studio303.montreal\",\"http:\\\/\\\/instagram.com\\\/studio303\"]}]}<\/script>\n<!-- \/ Yoast SEO plugin. -->","yoast_head_json":{"title":"Benjamin Herrero \u2014 Reclaiming the body in movement - Studio 303","robots":{"index":"index","follow":"follow","max-snippet":"max-snippet:-1","max-image-preview":"max-image-preview:large","max-video-preview":"max-video-preview:-1"},"canonical":"https:\/\/www.studio303.ca\/en\/benjamin-herrero-reclaiming-the-body-in-movement-2\/","og_locale":"en_US","og_type":"article","og_title":"Benjamin Herrero \u2014 Reclaiming the body in movement - Studio 303","og_description":"THURSDAY: 6:00 PM &#8211; 7:15 PM","og_url":"https:\/\/www.studio303.ca\/en\/benjamin-herrero-reclaiming-the-body-in-movement-2\/","og_site_name":"Studio 303","article_publisher":"https:\/\/www.facebook.com\/studio303.montreal","article_modified_time":"2025-03-14T21:29:29+00:00","og_image":[{"width":1667,"height":1254,"url":"https:\/\/www.studio303.ca\/wp-content\/uploads\/2024\/08\/Atelier-Coporel-Nicolas-Biaux_1-e1724459239597.jpg","type":"image\/jpeg"}],"twitter_card":"summary_large_image","twitter_misc":{"Est. reading time":"3 minutes"},"schema":{"@context":"https:\/\/schema.org","@graph":[{"@type":"WebPage","@id":"https:\/\/www.studio303.ca\/en\/benjamin-herrero-reclaiming-the-body-in-movement-2\/","url":"https:\/\/www.studio303.ca\/en\/benjamin-herrero-reclaiming-the-body-in-movement-2\/","name":"Benjamin Herrero \u2014 Reclaiming the body in movement - Studio 303","isPartOf":{"@id":"https:\/\/www.studio303.ca\/#website"},"primaryImageOfPage":{"@id":"https:\/\/www.studio303.ca\/en\/benjamin-herrero-reclaiming-the-body-in-movement-2\/#primaryimage"},"image":{"@id":"https:\/\/www.studio303.ca\/en\/benjamin-herrero-reclaiming-the-body-in-movement-2\/#primaryimage"},"thumbnailUrl":"https:\/\/www.studio303.ca\/wp-content\/uploads\/2024\/08\/Atelier-Coporel-Nicolas-Biaux_1-e1724459239597.jpg","datePublished":"2025-03-13T20:21:54+00:00","dateModified":"2025-03-14T21:29:29+00:00","breadcrumb":{"@id":"https:\/\/www.studio303.ca\/en\/benjamin-herrero-reclaiming-the-body-in-movement-2\/#breadcrumb"},"inLanguage":"en-US","potentialAction":[{"@type":"ReadAction","target":["https:\/\/www.studio303.ca\/en\/benjamin-herrero-reclaiming-the-body-in-movement-2\/"]}]},{"@type":"ImageObject","inLanguage":"en-US","@id":"https:\/\/www.studio303.ca\/en\/benjamin-herrero-reclaiming-the-body-in-movement-2\/#primaryimage","url":"https:\/\/www.studio303.ca\/wp-content\/uploads\/2024\/08\/Atelier-Coporel-Nicolas-Biaux_1-e1724459239597.jpg","contentUrl":"https:\/\/www.studio303.ca\/wp-content\/uploads\/2024\/08\/Atelier-Coporel-Nicolas-Biaux_1-e1724459239597.jpg","width":1667,"height":1254,"caption":"\u00a9 Nicolas Biaux"},{"@type":"BreadcrumbList","@id":"https:\/\/www.studio303.ca\/en\/benjamin-herrero-reclaiming-the-body-in-movement-2\/#breadcrumb","itemListElement":[{"@type":"ListItem","position":1,"name":"Home","item":"https:\/\/www.studio303.ca\/en\/home\/"},{"@type":"ListItem","position":2,"name":"Benjamin Herrero \u2014 Reclaiming the body in movement"}]},{"@type":"WebSite","@id":"https:\/\/www.studio303.ca\/#website","url":"https:\/\/www.studio303.ca\/","name":"Studio 303","description":"Lieu de diffusion et de soutien pour la danse et l&#039;art indisciplin\u00e9 \u00e0 Montr\u00e9al.","publisher":{"@id":"https:\/\/www.studio303.ca\/#organization"},"potentialAction":[{"@type":"SearchAction","target":{"@type":"EntryPoint","urlTemplate":"https:\/\/www.studio303.ca\/?s={search_term_string}"},"query-input":{"@type":"PropertyValueSpecification","valueRequired":true,"valueName":"search_term_string"}}],"inLanguage":"en-US"},{"@type":"Organization","@id":"https:\/\/www.studio303.ca\/#organization","name":"Studio 303","url":"https:\/\/www.studio303.ca\/","logo":{"@type":"ImageObject","inLanguage":"en-US","@id":"https:\/\/www.studio303.ca\/#\/schema\/logo\/image\/","url":"https:\/\/www.studio303.ca\/wp-content\/uploads\/2025\/08\/studio303-logo_black-c2586d.svg","contentUrl":"https:\/\/www.studio303.ca\/wp-content\/uploads\/2025\/08\/studio303-logo_black-c2586d.svg","caption":"Studio 303"},"image":{"@id":"https:\/\/www.studio303.ca\/#\/schema\/logo\/image\/"},"sameAs":["https:\/\/www.facebook.com\/studio303.montreal","http:\/\/instagram.com\/studio303"]}]}},"_links":{"self":[{"href":"https:\/\/www.studio303.ca\/en\/wp-json\/wp\/v2\/pages\/27553","targetHints":{"allow":["GET"]}}],"collection":[{"href":"https:\/\/www.studio303.ca\/en\/wp-json\/wp\/v2\/pages"}],"about":[{"href":"https:\/\/www.studio303.ca\/en\/wp-json\/wp\/v2\/types\/page"}],"author":[{"embeddable":true,"href":"https:\/\/www.studio303.ca\/en\/wp-json\/wp\/v2\/users\/2"}],"replies":[{"embeddable":true,"href":"https:\/\/www.studio303.ca\/en\/wp-json\/wp\/v2\/comments?post=27553"}],"version-history":[{"count":2,"href":"https:\/\/www.studio303.ca\/en\/wp-json\/wp\/v2\/pages\/27553\/revisions"}],"predecessor-version":[{"id":27622,"href":"https:\/\/www.studio303.ca\/en\/wp-json\/wp\/v2\/pages\/27553\/revisions\/27622"}],"wp:featuredmedia":[{"embeddable":true,"href":"https:\/\/www.studio303.ca\/en\/wp-json\/wp\/v2\/media\/26668"}],"wp:attachment":[{"href":"https:\/\/www.studio303.ca\/en\/wp-json\/wp\/v2\/media?parent=27553"}],"curies":[{"name":"wp","href":"https:\/\/api.w.org\/{rel}","templated":true}]}}