{"id":3512,"date":"2019-07-09T09:56:20","date_gmt":"2019-07-09T14:56:20","guid":{"rendered":"https:\/\/www.studio303.ca\/?page_id=3512"},"modified":"2025-11-05T09:53:28","modified_gmt":"2025-11-05T13:53:28","slug":"archives-queer-performance-camp","status":"publish","type":"page","link":"https:\/\/www.studio303.ca\/en\/archives\/archives-queer-performance-camp\/","title":{"rendered":"Archives"},"content":{"rendered":"<h1 class=\"wp-block-heading\" id=\"queer-performance-camp\">Queer Performance Camp<\/h1>\n\n\n<p><span style=\"font-weight: 400;\">Born in 2016, the Queer Performance Camp series offers a rare opportunity to explore, create, perform and network in a safe space where \u201cqueer\u201d is the dominant culture. These events aim to create new ways to connect, grow and build community, while supporting the development of queer artists through shows, workshops and gatherings.<\/span> <span style=\"font-weight: 400;\">Organised in collaboration with <\/span><a href=\"http:\/\/m-a-i.qc.ca\/\"><span style=\"font-weight: 400;\">MAI (Montr\u00e9al, arts interculturels)<\/span><\/a><span style=\"font-weight: 400;\"> and <\/span><a href=\"http:\/\/lachapelle.org\/en\"><span style=\"font-weight: 400;\">La Chapelle Sc\u00e8nes Contemporaines<\/span><\/a><span style=\"font-weight: 400;\">, Queer Performance Camp is open to ALL artists (whatever their gender and sexuality).<\/span><\/p>\n\n\n\n<hr class=\"wp-block-separator has-alpha-channel-opacity\"\/>\n\n\n<h2 class=\"wp-block-heading\" id=\"202223\"><b>2022-23<\/b><\/h2>\n\n\n<p><span style=\"font-weight: 400;\"><a href=\"https:\/\/www.studio303.ca\/en\/queer-performance-camp-6\/\">February 1 to 18, 2023<\/a> @ Studio 303<\/span><\/p>\n\n\n\n<p><b>Activities<\/b><\/p>\n\n\n\n<p><b><\/b><span style=\"font-weight: 400;\">February 3, 7 to 10 p.m. &#8211; Opening party: karaoke + puzzles<\/span><\/p>\n\n\n\n<p><span style=\"font-weight: 400;\">February 11 from 11 a.m. to 5 p.m. &#8211; <\/span><i><span style=\"font-weight: 400;\">Temple for Queers<\/span><\/i><span style=\"font-weight: 400;\">, with Lari Jalbert &amp; Naomi Moon, Melek &amp; <\/span><span style=\"font-size: revert; color: initial;\">Miranda, Cosmique Tea a.k.a. Toni Fowler and Jessica Lieu<\/span><\/p>\n\n\n\n<p><span style=\"font-weight: 400;\">February 13 to 16, 1 to 5 p.m. &#8211; <\/span><i><span style=\"font-weight: 400;\">No one writes alone<\/span><\/i><span style=\"font-weight: 400;\">, with H Felix Chau Bradley<\/span><\/p>\n\n\n\n<p><span style=\"font-weight: 400;\">February 17 from 2 to 5 pm &#8211; <\/span><i><span style=\"font-weight: 400;\">Queerness in performance: table talks<\/span><\/i><span style=\"font-weight: 400;\">, with Arnaud Rochefort-Allie, Dani <\/span><span style=\"font-size: revert; color: initial;\">Carter, Aisha Sasha John and Michael Toppings<\/span><\/p>\n\n\n\n<p><span style=\"font-weight: 400;\">February 18, 2 pm to 4 pm &#8211; <\/span><i><span style=\"font-weight: 400;\">Queer Wisdom<\/span><\/i><span style=\"font-weight: 400;\">, with Po B.K. Lomami and Deanna Bowen &#8211; CANCELLED<\/span><\/p>\n\n\n\n<p><span style=\"font-weight: 400;\">+ four private residencies with Joliz Dela Pena, Mycelium, Dani Carter, and Kuntiana<\/span><\/p>\n\n\n\n<p><b>Workshops<\/b><\/p>\n\n\n\n<p><span style=\"font-weight: 400;\">January 30 to February 3, 9:30 a.m. to 12:30 p.m. &#8211; <\/span><i><span style=\"font-weight: 400;\">Ancient awakenings and technologies<\/span><\/i><span style=\"font-weight: 400;\"> with B. Solomon (Toronto)<\/span><\/p>\n\n\n\n<p><span style=\"font-weight: 400;\">February 6 to 10, 9:30 a.m. to 12:30 p.m. &#8211; <\/span><i><span style=\"font-weight: 400;\">Vocal exploration<\/span><\/i><span style=\"font-weight: 400;\"> with Gabriel Dharmoo (Montreal)<\/span><\/p>\n\n\n\n<p><span style=\"font-weight: 400;\">February 13 to 17, 9:30 a.m. to 12:30 p.m. &#8211; <\/span><i><span style=\"font-weight: 400;\">Waters<\/span><\/i><span style=\"font-weight: 400;\"> with Aisha Sasha John (Montreal)<\/span><\/p>\n\n\n\n<p><b>Shows<\/b><\/p>\n\n\n\n<p><i><span style=\"font-weight: 400;\">Presented by our partners, MAI (Montr\u00e9al, arts interculturels) and La Chapelle, Sc\u00e8nes Contemporaines.&nbsp;<\/span><\/i><\/p>\n\n\n\n<p><span style=\"font-weight: 400;\">February 1 and 2 at 7:30pm @ La Chapelle &#8211; <\/span><i><span style=\"font-weight: 400;\">BLACK MOON<\/span><\/i><span style=\"font-weight: 400;\"> \/ FATHERMOTHER (Kezia Waters + Jordan Brown) (Chicago)<\/span><\/p>\n\n\n\n<p><span style=\"font-weight: 400;\">February 6 and 7 at 7:30pm @ MAI &#8211;<\/span><i><span style=\"font-weight: 400;\"> HALAL<\/span><\/i><span style=\"font-weight: 400;\"> \/ Ivo Dimchev (Bulgaria)<\/span><\/p>\n\n\n\n<p><span style=\"font-weight: 400;\">February 6 &#8211; 8, 2023 at 7:30pm @ La Chapelle &#8211; <\/span><i><span style=\"font-weight: 400;\">How to Fail as a Popstar <\/span><\/i><span style=\"font-weight: 400;\">\/ Vivek Shraya (Calgary)<\/span><\/p>\n\n\n\n<p><span style=\"font-weight: 400;\">February 16, 2023 at 8pm @ MAI &#8211;<\/span><i><span style=\"font-weight: 400;\"> the queerdo love cabaret <\/span><\/i><span style=\"font-weight: 400;\">\/ HercuSleaze + Bijuriya + Manny Dingo + Miami Minx + Phoenix Inana + Uncle Marly + Ad&#8217;horrible + Jaqq Strapp + La Roseline + Kajol + Korra AnarchKey (Montreal)<\/span><\/p>\n\n\n\n<p><span style=\"font-weight: 400;\">February 17 at 8pm @ MAI &#8211; <\/span><i><span style=\"font-weight: 400;\">cosmic drag-pop double feature<\/span><\/i><span style=\"font-weight: 400;\"> \/ Bijuriya + BiG SiSSY (Montreal)<\/span><\/p>\n\n\n\n<p><span style=\"font-weight: 400;\">February 18 at 9:30pm @ MAI &#8211; <\/span><i><span style=\"font-weight: 400;\">The Future Lovers Kiki Ball<\/span><\/i><span style=\"font-weight: 400;\"> \/ Mother Raven Louboutin (Montreal)<\/span><\/p>\n\n\n\n<hr class=\"wp-block-separator has-alpha-channel-opacity\"\/>\n\n\n<h2 class=\"wp-block-heading\" id=\"202122\"><strong>2021-22<\/strong><\/h2>\n\n\n<p><a href=\"https:\/\/www.studio303.ca\/en\/queer-performance-camp-5\/\">February 3-12, 2022 Online<\/a>, @ Studio 303 + <span style=\"font-weight: 400;\"> partner venues<\/span><\/p>\n\n\n\n<p><strong>Online Activities<br><\/strong><br>Sunday, February 6 -Temple for Queers: Frozen Sky Lodge with Weather Beings<\/p>\n\n\n\n<p>Monday, February 7 &#8211; Two Spirit &amp; Indigiqueer Futurisms: from sci-fi narrative to sovereign spaces with Gabe Calder\u00f3n<\/p>\n\n\n\n<p>Saturday, February 12 &#8211; Tea with Lenore &amp; Lois with Lenore Claire Herrem + Lois Weaver<\/p>\n\n\n\n<p>Sunday, February 13 &#8211; Temple for Queers: revitalizing sacred spaces through movement, mindfulness and magic with Cosmique TeaSpectacles<\/p>\n\n\n\n<p><strong>Workshops<br><\/strong><br>Monday, February 7 to 11 &#8211; <em>DAY RAVE<\/em> Workshop with Malik Nashad Sharpe<\/p>\n\n\n\n<p>March 27 &#8211; <em>Voice Painting Workshop<\/em> with Gabriel Dharmoo &#8211; POSTPONED<\/p>\n\n\n\n<p><strong>Shows<br><\/strong> <br>Vernissage<em> Les liens<\/em> with Thierry Huard&nbsp; &#8211; Thursday, February 3 &#8211; <span style=\"font-weight: 400;\">@ MAI (Montr\u00e9al, arts interculturels)<\/span><\/p>\n\n\n\n<p><em>Bijuriya<\/em> with Gabriel Dharmoo &#8211; Thursday, March 17 to 19 &#8211; <span style=\"font-weight: 400;\">@ MAI (Montr\u00e9al, arts interculturels)-<\/span>&nbsp;DELAYED<\/p>\n\n\n\n<p><em>How to Fail as a Popstar<\/em> with Vivek Shraya &#8211; <b>@ <\/b><span style=\"font-weight: 400;\">La Chapelle Sc\u00e8nes Contemporaines &#8211; <\/span>CANCELLED<\/p>\n\n\n\n<hr class=\"wp-block-separator has-alpha-channel-opacity\"\/>\n\n\n<h2 class=\"wp-block-heading\" id=\"202021\"><strong>2020-21<\/strong><\/h2>\n\n\n<p><span style=\"font-weight: 400;\"><a href=\"https:\/\/www.studio303.ca\/en\/queer-performance-camp-4\/\">February 1 to 14, 2021<\/a> @ Online<\/span><\/p>\n\n\n\n<p><b>Online Activities<\/b><\/p>\n\n\n\n<p><span style=\"font-weight: 400;\">Monday February 1 to Sunday February 7 \u2013 Queer Cut Pro<\/span><\/p>\n\n\n\n<p><span style=\"font-weight: 400;\">Monday <\/span><span style=\"font-weight: 400;\">February<\/span><span style=\"font-weight: 400;\"> 1, from 8 p.m. to 9 p.m. \u2013 QPC Dance Party in collaboration with CCOV.<\/span><\/p>\n\n\n\n<p><span style=\"font-weight: 400;\">Thursday <\/span><span style=\"font-weight: 400;\">February<\/span><span style=\"font-weight: 400;\"> 4, from 8 p.m. to 10 p.m. \u2013 Chosen Family Feud<\/span><span style=\"font-weight: 400;\">:<\/span><span style=\"font-weight: 400;\"> Solo Edition \u2013 CANCELLED<\/span><\/p>\n\n\n\n<p><span style=\"font-weight: 400;\">Saturday <\/span><span style=\"font-weight: 400;\">February<\/span><span style=\"font-weight: 400;\"> 6, from 7 p.m. to 9 p.m., Friday <\/span><span style=\"font-weight: 400;\">February<\/span><span style=\"font-weight: 400;\"> 12, from 7 p.m. to 9 p.m. and Saturday <\/span><span style=\"font-weight: 400;\">February<\/span><span style=\"font-weight: 400;\"> 13, from 2 p.m. to 4 p.m.&nbsp; \u2013 Ask an Elder<\/span><\/p>\n\n\n\n<p><span style=\"font-weight: 400;\">Sunday <\/span><span style=\"font-weight: 400;\">February<\/span><span style=\"font-weight: 400;\"> 14, from 2 p.m. to 3:30 p.m. \u2013 2:59\u2019s<\/span><\/p>\n\n\n\n<p><b>Online Workshops<\/b><\/p>\n\n\n\n<p><span style=\"font-weight: 400;\">February 7, from 6:30 p.m. to 8:30 p.m. \u2013 <\/span><i><span style=\"font-weight: 400;\">#Queer Disabled Joy (an improvisation and dance experiment)<\/span><\/i><span style=\"font-weight: 400;\"> with Seeley Quest and Aimee Louw (Montreal)<\/span><\/p>\n\n\n\n<p><span style=\"font-weight: 400;\">February 8 to 12, from 9:30 a.m. to 10:45 a.m.&nbsp; \u2013 <\/span><i><span style=\"font-weight: 400;\">Recreating Ritual: a movement workshop for pandemic circumstances with Be Heintzman Hope <\/span><\/i><span style=\"font-weight: 400;\">(New York)<\/span><\/p>\n\n\n\n<p><b>Shows<\/b><\/p>\n\n\n\n<p><i><span style=\"font-weight: 400;\">House of Barbara <\/span><\/i><span style=\"font-weight: 400;\">\/ Elle Barbara <\/span><b>@ <\/b><span style=\"font-weight: 400;\">La Chapelle Sc\u00e8nes Contemporaines \u2013 Cancelled due to COVID-19 pandemic&nbsp;<\/span><\/p>\n\n\n\n<p><i><span style=\"font-weight: 400;\">Whip<\/span><\/i><span style=\"font-weight: 400;\"> \/ Fake Knot\/Ralph Escamillan (Vancouver) @ MAI (Montr\u00e9al, arts interculturels) \u2013 Cancelled due to COVID-19 pandemic<\/span><\/p>\n\n\n\n<hr class=\"wp-block-separator has-alpha-channel-opacity\"\/>\n\n\n<h2 class=\"wp-block-heading\" id=\"201920\"><b>2019-20<\/b><\/h2>\n\n\n<p><span style=\"font-weight: 400;\"><a href=\"https:\/\/www.studio303.ca\/en\/queer-performance-camp\/\">February 1 to 16, 2020<\/a> @ Studio 303 + partner venues<\/span><\/p>\n\n\n\n<p><b>Activities<\/b><\/p>\n\n\n\n<p><span style=\"font-weight: 400;\">Friday February 14, from 7 p.m. to 9 a.m. the next day &#8211; Slumber Party<\/span><\/p>\n\n\n\n<p><span style=\"font-weight: 400;\">Saturday February 8 at 5 p.m. + Sunday February 9 at 2 p.m. &#8211; Informal showing by artists in residence @ Tangente<\/span><\/p>\n\n\n\n<p><b>Workshops<\/b><\/p>\n\n\n\n<p><span style=\"font-weight: 400;\">February 1 + 2, from 10 a.m. to 5 p.m. &#8211; <\/span><i><span style=\"font-weight: 400;\">Presence, Focus and Availability<\/span><\/i><span style=\"font-weight: 400;\"> with Peter James (Montreal)<\/span><\/p>\n\n\n\n<p><span style=\"font-weight: 400;\">February 3 to 7, from 9:30 a.m. to 12:30 p.m. &#8211; <\/span><i><span style=\"font-weight: 400;\">I have to give all names<\/span><\/i><span style=\"font-weight: 400;\"> with Last Yearz Interesting Negro (United Kingdom)<\/span><\/p>\n\n\n\n<p><span style=\"font-weight: 400;\">February 8, from 11 a.m. to 4 p.m. &#8211; <\/span><i><span style=\"font-weight: 400;\">The space of the heart: weeeerk da\u2019space through presence, pure creative intuition and intention <\/span><\/i><span style=\"font-weight: 400;\">with Ariah Lester (Venezuela\/Netherlands)<\/span><\/p>\n\n\n\n<p><span style=\"font-weight: 400;\">February 10-14, from 9:30 a.m. to 12:30 p.m. &#8211; <\/span><i><span style=\"font-weight: 400;\">Dancing magic together<\/span><\/i><span style=\"font-weight: 400;\"> with Keith Hennessy (San Francisco)&nbsp;<\/span><\/p>\n\n\n\n<p><span style=\"font-weight: 400;\">February 15,&nbsp; from 11 a.m. to 2 p.m. &#8211; <\/span><i><span style=\"font-weight: 400;\">Queer contact (class and jam) <\/span><\/i><span style=\"font-weight: 400;\">with Kinga Michalska + George Longshadow (Montreal)<\/span><\/p>\n\n\n\n<p><b>Shows<\/b><\/p>\n\n\n\n<p><span style=\"font-weight: 400;\">Saturday February 8, 8 p.m. + Sunday February 9, 4 p.m. @ La Chapelle Sc\u00e8nes Contemporaines &#8211; <\/span><i><span style=\"font-weight: 400;\">I ride in colour and soft focus no longer anywhere<\/span><\/i><span style=\"font-weight: 400;\"> \/ Jamila Johnson-Small\/Last Yearz Interesting Negro (United Kingdom)<\/span><\/p>\n\n\n\n<p><span style=\"font-weight: 400;\">Thursday February 13 + Friday February 14 + Saturday February 15, 8 p.m. @ MAI (Montr\u00e9al, arts interculturels) &#8211; <\/span><i><span style=\"font-weight: 400;\">WHITE [ARIANE] <\/span><\/i><span style=\"font-weight: 400;\">\/ Ariah Lester (Venezuela\/Netherlands)<\/span><\/p>\n\n\n\n<p><span style=\"font-weight: 400;\">With support of the Caisse de la Culture Desjardins.<\/span><\/p>\n\n\n\n<hr class=\"wp-block-separator has-alpha-channel-opacity\"\/>\n\n\n<h2 class=\"wp-block-heading\" id=\"201819\"><b>2018-19<\/b><\/h2>\n\n\n<p><span style=\"font-weight: 400;\"><a href=\"https:\/\/www.studio303.ca\/en\/queer-performance-camp-3\/\">August 14 to 23, 2018<\/a> @ Studio 303<\/span><\/p>\n\n\n\n<p><b>Activities<\/b><\/p>\n\n\n\n<p><span style=\"font-weight: 400;\">Tuesday August 14, from 7 p.m. to 11 p.m. the next day &#8211; Slumber party<\/span><\/p>\n\n\n\n<p><span style=\"font-weight: 400;\">Wednesday August 15, 6 p.m. &#8211; Informal showing by artists in residence<\/span><\/p>\n\n\n\n<p><span style=\"font-weight: 400;\">Thursday August 16th, from 4:30 p.m. to 7:30 p.m &#8211; Francophone perspectives on queer body-based practices<\/span><\/p>\n\n\n\n<p><span style=\"font-weight: 400;\">Friday August 17, from 4:30 p.m. to 7:30 p.m &#8211; Sound skillshare &amp; snacks<\/span><\/p>\n\n\n\n<p><span style=\"font-weight: 400;\">Saturday August 18, 9 p.m. @ <\/span><span style=\"font-weight: 400;\">MAI (Montr\u00e9al, arts interculturels)<\/span><span style=\"font-weight: 400;\"> &#8211; <\/span><span style=\"font-weight: 400;\">Queer SlowDance<\/span><\/p>\n\n\n\n<p><b>Workshops<\/b><\/p>\n\n\n\n<p><span style=\"font-weight: 400;\">August 16 to 18, (Thurs-Sat) from 10 a.m, to 2 p.m. &#8211; <\/span><i><span style=\"font-weight: 400;\">A is for Animal<\/span><\/i><span style=\"font-weight: 400;\"> with Antonia Baehr + Neo H\u00fclcker (Berlin)<\/span><\/p>\n\n\n\n<p><span style=\"font-weight: 400;\">August 16, from 2 p.m. to 4 p.m. &#8211; <\/span><i><span style=\"font-weight: 400;\">The Grid <\/span><\/i><span style=\"font-weight: 400;\">with Indrit Kasapi (Toronto)<\/span><\/p>\n\n\n\n<p><span style=\"font-weight: 400;\">Friday August 17, from 2 p.m. to 4 p.m. &#8211; <\/span><i><span style=\"font-weight: 400;\">Stand-up comedy <\/span><\/i><span style=\"font-weight: 400;\">with Tranna Wintour (Montreal)<\/span><\/p>\n\n\n\n<p><span style=\"font-weight: 400;\">Saturday August 18, from 2 p.m. to 4 p.m. &#8211; <\/span><i><span style=\"font-weight: 400;\">Empathy &amp; Improv <\/span><\/i><span style=\"font-weight: 400;\">with Colour Outside the Lines (Montreal)<\/span><\/p>\n\n\n\n<p><b>Shows<\/b><\/p>\n\n\n\n<p><span style=\"font-weight: 400;\">Thursday August 16 + Friday August 17, 8 p.m. @ <\/span><span style=\"font-weight: 400;\">MAI (Montr\u00e9al, arts interculturels)<\/span><span style=\"font-weight: 400;\"> &#8211; <\/span><i><span style=\"font-weight: 400;\">MSM [men seeking men] \/ lemonTree <\/span><\/i><span style=\"font-weight: 400;\">(Toronto)<\/span><\/p>\n\n\n\n<p><span style=\"font-weight: 400;\">Wednesday August 22 + Thursday August 23, 8 p.m.<\/span><i><span style=\"font-weight: 400;\"> @ <\/span><\/i><i><span style=\"font-weight: 400;\">La Chapelle Sc\u00e8nes Contemporaines<\/span><\/i><i><span style=\"font-weight: 400;\"> &#8211; Abecedarium Bestiarium \/ Antonia Baehr + Neo H\u00fclcker<\/span><\/i><span style=\"font-weight: 400;\"> (Berlin)&nbsp;<\/span><\/p>\n\n\n\n<p><span style=\"font-weight: 400;\">With the support of <\/span><span style=\"font-weight: 400;\">Goethe-Institut<\/span><span style=\"font-weight: 400;\"> Montreal Pride and <\/span><span style=\"font-weight: 400;\">La Caisse de la Culture Desjardins<\/span><span style=\"font-weight: 400;\">.<\/span><\/p>\n\n\n\n<hr class=\"wp-block-separator has-alpha-channel-opacity\"\/>\n\n\n<h2 class=\"wp-block-heading\" id=\"201718%25c2%25a0\"><b>2017-18\u00a0<\/b><\/h2>\n\n\n<p><span style=\"font-weight: 400;\">August 18 to 27, 2017 @Studio 303 (and <\/span><span style=\"font-weight: 400;\">MAI (Montr\u00e9al, arts interculturels)<\/span><span style=\"font-weight: 400;\">, La <\/span><span style=\"font-weight: 400;\">Chapelle Sc\u00e8nes Contemporaines, <\/span><span style=\"font-weight: 400;\">GENDER B(L)ENDER #37, L\u2019Art\u00e8re)<\/span><\/p>\n\n\n\n<p><b>Workshops<\/b><\/p>\n\n\n\n<p><span style=\"font-weight: 400;\">Friday August 18 from 10 a.m. to 12:30 p.m. and from 1 p.m. to 4:30 p.m. &#8211; <\/span><i><span style=\"font-weight: 400;\">Fear Drag <\/span><\/i><span style=\"font-weight: 400;\">with Jordan Arseneault&nbsp;<\/span><\/p>\n\n\n\n<p><span style=\"font-weight: 400;\">Saturday August 19 from 10 a.m. to 12:30 p.m. &#8211; <\/span><i><span style=\"font-weight: 400;\">Vogue for Virgins <\/span><\/i><span style=\"font-weight: 400;\">with Gerard Reyes<\/span><\/p>\n\n\n\n<p><span style=\"font-weight: 400;\">Saturday August 18 from 1:30 p.m. to 4 p.m. &#8211; <\/span><i><span style=\"font-weight: 400;\">Giving birth to yourself: Revolutionary Queer Storytelling <\/span><\/i><span style=\"font-weight: 400;\">with Kai Cheng Thom<\/span><\/p>\n\n\n\n<p><span style=\"font-weight: 400;\">Sunday August 20 from 10 a.m. to 12:30 p.m. and from 1 p.m. to 4:30 p.m. &#8211; <\/span><i><span style=\"font-weight: 400;\">Durational Performance: When will it end ? <\/span><\/i><span style=\"font-weight: 400;\">with Dayna McLeod<\/span><\/p>\n\n\n\n<p><span style=\"font-weight: 400;\">Monday August 21 from 10 a.m. to 12:30 p.m. and from 1 p.m. to 4:30 p.m. &#8211; <\/span><i><span style=\"font-weight: 400;\">The Depth of Surfaces: Generative Writing \/ Directing <\/span><\/i><span style=\"font-weight: 400;\">with Tina Satter<\/span><\/p>\n\n\n\n<p><span style=\"font-weight: 400;\">Tuesday August 22 to Thursday August 24 from 10 a.m. to 12 p.m. @L\u2019autre versant (St-J\u00e9r\u00f4me) &#8211; <\/span><i><span style=\"font-weight: 400;\">Mountain Voice <\/span><\/i><span style=\"font-weight: 400;\">with Gein Wong&nbsp;<\/span><\/p>\n\n\n\n<p><span style=\"font-weight: 400;\">Tuesday August 22 to Thursday August 24 from 2 p.m. to 5 p.m. @L\u2019autre versant (St-J\u00e9r\u00f4me) <\/span><span style=\"font-weight: 400;\">&#8211; <\/span><i><span style=\"font-weight: 400;\">Temporary Spectacle Community <\/span><\/i><span style=\"font-weight: 400;\">with Andrew Tay&nbsp;<\/span><\/p>\n\n\n\n<p><span style=\"font-weight: 400;\">Friday August 25 and Saturday August 26 from 10 a.m. to 12:30 p.m. &#8211; <\/span><i><span style=\"font-weight: 400;\">Queer Clown <\/span><\/i><span style=\"font-weight: 400;\">with Lili Bonin&nbsp;<\/span><\/p>\n\n\n\n<p><b>Events<\/b><\/p>\n\n\n\n<p><span style=\"font-weight: 400;\">Friday August 18 at 8 p.m. &#8211; <\/span><i><span style=\"font-weight: 400;\">This is how Queers Pray<\/span><\/i><span style=\"font-weight: 400;\"> @<\/span><span style=\"font-weight: 400;\">MAI (Montr\u00e9al, arts interculturels)<\/span><span style=\"font-weight: 400;\">&nbsp;<\/span><\/p>\n\n\n\n<p><span style=\"font-weight: 400;\">Commissioned by Andrea Rideout with performances by Andrew Tay, Elisha Lim, Jenny Romaine, Tanya Davis and Nada Kashaba.<\/span><\/p>\n\n\n\n<p><span style=\"font-weight: 400;\">Saturday August 19 at 8 p.m. <\/span><span style=\"font-weight: 400;\">@<\/span><span style=\"font-weight: 400;\">MAI (Montr\u00e9al, arts interculturels)<\/span><span style=\"font-weight: 400;\"> &#8211; Camp Cabaret<\/span><\/p>\n\n\n\n<p><span style=\"font-weight: 400;\">Tuesday August 22 to Thursday August 24 Creative Retreat in the Laurientians @L\u2019autre versant (St-J\u00e9r\u00f4me)<\/span><\/p>\n\n\n\n<p><span style=\"font-weight: 400;\">Thursday August 24 at 8 p.m. @La Chapelle Sc\u00e8nes Contemporaines &#8211;&nbsp;<\/span><\/p>\n\n\n\n<p><i><span style=\"font-weight: 400;\">Opera Omnia &#8211; je suis venu te dire <\/span><\/i><span style=\"font-weight: 400;\">&#8211; Ga\u00e9tan Par\u00e9<\/span><\/p>\n\n\n\n<p><span style=\"font-weight: 400;\">Friday August 25 <\/span><span style=\"font-weight: 400;\">@GENDER B(L)ENDER #37 &#8211; Open Mic Queer<\/span><\/p>\n\n\n\n<p><span style=\"font-weight: 400;\">Saturday August 26 at 10 p.m. @<\/span><span style=\"font-weight: 400;\">La Chapelle Sc\u00e8nes Contemporaines &#8211; <\/span><i><span style=\"font-weight: 400;\">Ghost Rings <\/span><\/i><span style=\"font-weight: 400;\">with Tina Satter (NY), Chris Giarmo and Erin Markey (copresented by CEAD &#8211; Centre des auteurs dramatiques)<\/span><\/p>\n\n\n\n<p><span style=\"font-weight: 400;\">Sunday August 27 from 12 p.m. to 2 p.m. &#8211; Potluck<\/span><\/p>\n\n\n\n<hr class=\"wp-block-separator has-alpha-channel-opacity\"\/>\n\n\n<h2 class=\"wp-block-heading\" id=\"201617\"><b>2016-17<\/b><\/h2>\n\n\n<p><span style=\"font-weight: 400;\">August 11 to 15, 2016 @Studio 303<\/span><\/p>\n\n\n\n<p><span style=\"font-weight: 400;\">Thursday August 11 from 10 a.m. to 12:30 p.m. &#8211; <\/span><i><span style=\"font-weight: 400;\">Fear \u201cDrag\u201d <\/span><\/i><span style=\"font-weight: 400;\">with Jordan Arseneault<\/span><\/p>\n\n\n\n<p><span style=\"font-weight: 400;\">Thursday August 11 from 1:30 p.m. to 4 p.m. and Friday August 12 from 1:30 p.m. to 4 p.m. &#8211; <\/span><i><span style=\"font-weight: 400;\">Hand-in-hand for everybody <\/span><\/i><span style=\"font-weight: 400;\">with Lili Bonin<\/span><\/p>\n\n\n\n<p><span style=\"font-weight: 400;\">Friday August 12 from 10 a.m. to 12:30 p.m. and Saturday August 13 from 1:30 p.m. to 4 p.m. &#8211; <\/span><i><span style=\"font-weight: 400;\">School of Sound Design for feminists<\/span><\/i><\/p>\n\n\n\n<p><span style=\"font-weight: 400;\">Saturday August 13 from 10 a.m. to 12:30 p.m. &#8211; <\/span><i><span style=\"font-weight: 400;\">Giving birth to yourself: Revolutionary Queer Storytelling <\/span><\/i><span style=\"font-weight: 400;\">with Kai Cheng Thom<\/span><\/p>\n\n\n\n<p><span style=\"font-weight: 400;\">Sunday August 14 from 10 a.m. to 12:30 p.m. &#8211; <\/span><i><span style=\"font-weight: 400;\">Good Sunday morning! Queer Rave Afterglow <\/span><\/i><span style=\"font-weight: 400;\">with Andrew Tay<\/span><\/p>\n\n\n\n<p><span style=\"font-weight: 400;\">Monday August 15 from 12 p.m. to 2 p.m. &#8211; Potluck<\/span><\/p>\n","protected":false},"excerpt":{"rendered":"<p>Queer Performance Camp Born in 2016, the Queer Performance Camp series offers a rare opportunity to explore, create, perform and network in a safe space where \u201cqueer\u201d is the dominant culture. These events aim to create new ways to connect, grow and build community, while supporting the development of queer artists through shows, workshops and [&hellip;]<\/p>\n","protected":false},"author":2,"featured_media":0,"parent":435,"menu_order":87,"comment_status":"closed","ping_status":"closed","template":"wp-custom-template-page-with-navigation","meta":{"_acf_changed":false,"inline_featured_image":false,"_exactmetrics_skip_tracking":false,"_exactmetrics_sitenote_active":false,"_exactmetrics_sitenote_note":"","_exactmetrics_sitenote_category":0,"_themeisle_gutenberg_block_has_review":false,"footnotes":""},"class_list":["post-3512","page","type-page","status-publish","hentry"],"acf":[],"yoast_head":"<!-- This site is optimized with the Yoast SEO plugin v27.4 - https:\/\/yoast.com\/product\/yoast-seo-wordpress\/ -->\n<title>Archives \/ Queer Performance Camp - Studio 303<\/title>\n<meta name=\"robots\" content=\"index, follow, max-snippet:-1, max-image-preview:large, max-video-preview:-1\" \/>\n<link rel=\"canonical\" href=\"https:\/\/www.studio303.ca\/en\/archives\/archives-queer-performance-camp\/\" \/>\n<meta property=\"og:locale\" content=\"en_US\" \/>\n<meta property=\"og:type\" content=\"article\" \/>\n<meta property=\"og:title\" content=\"Archives \/ Queer Performance Camp - Studio 303\" \/>\n<meta property=\"og:description\" content=\"Queer Performance Camp Born in 2016, the Queer Performance Camp series offers a rare opportunity to explore, create, perform and network in a safe space where \u201cqueer\u201d is the dominant culture. These events aim to create new ways to connect, grow and build community, while supporting the development of queer artists through shows, workshops and [&hellip;]\" \/>\n<meta property=\"og:url\" content=\"https:\/\/www.studio303.ca\/en\/archives\/archives-queer-performance-camp\/\" \/>\n<meta property=\"og:site_name\" content=\"Studio 303\" \/>\n<meta property=\"article:publisher\" content=\"https:\/\/www.facebook.com\/studio303.montreal\" \/>\n<meta property=\"article:modified_time\" content=\"2025-11-05T13:53:28+00:00\" \/>\n<meta name=\"twitter:card\" content=\"summary_large_image\" \/>\n<meta name=\"twitter:label1\" content=\"Est. reading time\" \/>\n\t<meta name=\"twitter:data1\" content=\"8 minutes\" \/>\n<script type=\"application\/ld+json\" class=\"yoast-schema-graph\">{\"@context\":\"https:\\\/\\\/schema.org\",\"@graph\":[{\"@type\":\"WebPage\",\"@id\":\"https:\\\/\\\/www.studio303.ca\\\/en\\\/archives\\\/archives-queer-performance-camp\\\/\",\"url\":\"https:\\\/\\\/www.studio303.ca\\\/en\\\/archives\\\/archives-queer-performance-camp\\\/\",\"name\":\"Archives \\\/ Queer Performance Camp - Studio 303\",\"isPartOf\":{\"@id\":\"https:\\\/\\\/www.studio303.ca\\\/#website\"},\"datePublished\":\"2019-07-09T14:56:20+00:00\",\"dateModified\":\"2025-11-05T13:53:28+00:00\",\"breadcrumb\":{\"@id\":\"https:\\\/\\\/www.studio303.ca\\\/en\\\/archives\\\/archives-queer-performance-camp\\\/#breadcrumb\"},\"inLanguage\":\"en-US\",\"potentialAction\":[{\"@type\":\"ReadAction\",\"target\":[\"https:\\\/\\\/www.studio303.ca\\\/en\\\/archives\\\/archives-queer-performance-camp\\\/\"]}]},{\"@type\":\"BreadcrumbList\",\"@id\":\"https:\\\/\\\/www.studio303.ca\\\/en\\\/archives\\\/archives-queer-performance-camp\\\/#breadcrumb\",\"itemListElement\":[{\"@type\":\"ListItem\",\"position\":1,\"name\":\"Home\",\"item\":\"https:\\\/\\\/www.studio303.ca\\\/en\\\/home\\\/\"},{\"@type\":\"ListItem\",\"position\":2,\"name\":\"Archives\",\"item\":\"https:\\\/\\\/www.studio303.ca\\\/en\\\/archives\\\/\"},{\"@type\":\"ListItem\",\"position\":3,\"name\":\"Archives\"}]},{\"@type\":\"WebSite\",\"@id\":\"https:\\\/\\\/www.studio303.ca\\\/#website\",\"url\":\"https:\\\/\\\/www.studio303.ca\\\/\",\"name\":\"Studio 303\",\"description\":\"Lieu de diffusion et de soutien pour la danse et l&#039;art indisciplin\u00e9 \u00e0 Montr\u00e9al.\",\"publisher\":{\"@id\":\"https:\\\/\\\/www.studio303.ca\\\/#organization\"},\"potentialAction\":[{\"@type\":\"SearchAction\",\"target\":{\"@type\":\"EntryPoint\",\"urlTemplate\":\"https:\\\/\\\/www.studio303.ca\\\/?s={search_term_string}\"},\"query-input\":{\"@type\":\"PropertyValueSpecification\",\"valueRequired\":true,\"valueName\":\"search_term_string\"}}],\"inLanguage\":\"en-US\"},{\"@type\":\"Organization\",\"@id\":\"https:\\\/\\\/www.studio303.ca\\\/#organization\",\"name\":\"Studio 303\",\"url\":\"https:\\\/\\\/www.studio303.ca\\\/\",\"logo\":{\"@type\":\"ImageObject\",\"inLanguage\":\"en-US\",\"@id\":\"https:\\\/\\\/www.studio303.ca\\\/#\\\/schema\\\/logo\\\/image\\\/\",\"url\":\"https:\\\/\\\/www.studio303.ca\\\/wp-content\\\/uploads\\\/2025\\\/08\\\/studio303-logo_black-c2586d.svg\",\"contentUrl\":\"https:\\\/\\\/www.studio303.ca\\\/wp-content\\\/uploads\\\/2025\\\/08\\\/studio303-logo_black-c2586d.svg\",\"caption\":\"Studio 303\"},\"image\":{\"@id\":\"https:\\\/\\\/www.studio303.ca\\\/#\\\/schema\\\/logo\\\/image\\\/\"},\"sameAs\":[\"https:\\\/\\\/www.facebook.com\\\/studio303.montreal\",\"http:\\\/\\\/instagram.com\\\/studio303\"]}]}<\/script>\n<!-- \/ Yoast SEO plugin. -->","yoast_head_json":{"title":"Archives \/ Queer Performance Camp - Studio 303","robots":{"index":"index","follow":"follow","max-snippet":"max-snippet:-1","max-image-preview":"max-image-preview:large","max-video-preview":"max-video-preview:-1"},"canonical":"https:\/\/www.studio303.ca\/en\/archives\/archives-queer-performance-camp\/","og_locale":"en_US","og_type":"article","og_title":"Archives \/ Queer Performance Camp - Studio 303","og_description":"Queer Performance Camp Born in 2016, the Queer Performance Camp series offers a rare opportunity to explore, create, perform and network in a safe space where \u201cqueer\u201d is the dominant culture. These events aim to create new ways to connect, grow and build community, while supporting the development of queer artists through shows, workshops and [&hellip;]","og_url":"https:\/\/www.studio303.ca\/en\/archives\/archives-queer-performance-camp\/","og_site_name":"Studio 303","article_publisher":"https:\/\/www.facebook.com\/studio303.montreal","article_modified_time":"2025-11-05T13:53:28+00:00","twitter_card":"summary_large_image","twitter_misc":{"Est. reading time":"8 minutes"},"schema":{"@context":"https:\/\/schema.org","@graph":[{"@type":"WebPage","@id":"https:\/\/www.studio303.ca\/en\/archives\/archives-queer-performance-camp\/","url":"https:\/\/www.studio303.ca\/en\/archives\/archives-queer-performance-camp\/","name":"Archives \/ Queer Performance Camp - Studio 303","isPartOf":{"@id":"https:\/\/www.studio303.ca\/#website"},"datePublished":"2019-07-09T14:56:20+00:00","dateModified":"2025-11-05T13:53:28+00:00","breadcrumb":{"@id":"https:\/\/www.studio303.ca\/en\/archives\/archives-queer-performance-camp\/#breadcrumb"},"inLanguage":"en-US","potentialAction":[{"@type":"ReadAction","target":["https:\/\/www.studio303.ca\/en\/archives\/archives-queer-performance-camp\/"]}]},{"@type":"BreadcrumbList","@id":"https:\/\/www.studio303.ca\/en\/archives\/archives-queer-performance-camp\/#breadcrumb","itemListElement":[{"@type":"ListItem","position":1,"name":"Home","item":"https:\/\/www.studio303.ca\/en\/home\/"},{"@type":"ListItem","position":2,"name":"Archives","item":"https:\/\/www.studio303.ca\/en\/archives\/"},{"@type":"ListItem","position":3,"name":"Archives"}]},{"@type":"WebSite","@id":"https:\/\/www.studio303.ca\/#website","url":"https:\/\/www.studio303.ca\/","name":"Studio 303","description":"Lieu de diffusion et de soutien pour la danse et l&#039;art indisciplin\u00e9 \u00e0 Montr\u00e9al.","publisher":{"@id":"https:\/\/www.studio303.ca\/#organization"},"potentialAction":[{"@type":"SearchAction","target":{"@type":"EntryPoint","urlTemplate":"https:\/\/www.studio303.ca\/?s={search_term_string}"},"query-input":{"@type":"PropertyValueSpecification","valueRequired":true,"valueName":"search_term_string"}}],"inLanguage":"en-US"},{"@type":"Organization","@id":"https:\/\/www.studio303.ca\/#organization","name":"Studio 303","url":"https:\/\/www.studio303.ca\/","logo":{"@type":"ImageObject","inLanguage":"en-US","@id":"https:\/\/www.studio303.ca\/#\/schema\/logo\/image\/","url":"https:\/\/www.studio303.ca\/wp-content\/uploads\/2025\/08\/studio303-logo_black-c2586d.svg","contentUrl":"https:\/\/www.studio303.ca\/wp-content\/uploads\/2025\/08\/studio303-logo_black-c2586d.svg","caption":"Studio 303"},"image":{"@id":"https:\/\/www.studio303.ca\/#\/schema\/logo\/image\/"},"sameAs":["https:\/\/www.facebook.com\/studio303.montreal","http:\/\/instagram.com\/studio303"]}]}},"_links":{"self":[{"href":"https:\/\/www.studio303.ca\/en\/wp-json\/wp\/v2\/pages\/3512","targetHints":{"allow":["GET"]}}],"collection":[{"href":"https:\/\/www.studio303.ca\/en\/wp-json\/wp\/v2\/pages"}],"about":[{"href":"https:\/\/www.studio303.ca\/en\/wp-json\/wp\/v2\/types\/page"}],"author":[{"embeddable":true,"href":"https:\/\/www.studio303.ca\/en\/wp-json\/wp\/v2\/users\/2"}],"replies":[{"embeddable":true,"href":"https:\/\/www.studio303.ca\/en\/wp-json\/wp\/v2\/comments?post=3512"}],"version-history":[{"count":17,"href":"https:\/\/www.studio303.ca\/en\/wp-json\/wp\/v2\/pages\/3512\/revisions"}],"predecessor-version":[{"id":32434,"href":"https:\/\/www.studio303.ca\/en\/wp-json\/wp\/v2\/pages\/3512\/revisions\/32434"}],"up":[{"embeddable":true,"href":"https:\/\/www.studio303.ca\/en\/wp-json\/wp\/v2\/pages\/435"}],"wp:attachment":[{"href":"https:\/\/www.studio303.ca\/en\/wp-json\/wp\/v2\/media?parent=3512"}],"curies":[{"name":"wp","href":"https:\/\/api.w.org\/{rel}","templated":true}]}}