{"id":31130,"date":"2025-10-13T12:36:35","date_gmt":"2025-10-13T16:36:35","guid":{"rendered":"https:\/\/www.studio303.ca\/programmation\/linda-rabin-continuum-and-self-care-the-healing-from-within-25-26-en\/"},"modified":"2025-10-15T11:15:56","modified_gmt":"2025-10-15T15:15:56","slug":"linda-rabin-continuum-and-self-care-the-healing-from-within-25-26-en","status":"publish","type":"programmation","link":"https:\/\/www.studio303.ca\/en\/programmation\/linda-rabin-continuum-and-self-care-the-healing-from-within-25-26-en\/","title":{"rendered":"Linda Rabin &#8211; Continuum and Self-Care: the healing from within  &#8211; 25-26 &#8211; EN"},"content":{"rendered":"","protected":false},"excerpt":{"rendered":"<p>A Continuum workshop inviting to bring attention to our biological organism as a breathing, fluid expression of life.<\/p>\n","protected":false},"author":5,"featured_media":31119,"template":"wp-custom-template-single-content-programming-workshop","meta":{"_acf_changed":false,"inline_featured_image":false,"_exactmetrics_skip_tracking":false,"_exactmetrics_sitenote_active":false,"_exactmetrics_sitenote_note":"","_exactmetrics_sitenote_category":0,"_themeisle_gutenberg_block_has_review":false,"footnotes":""},"categorie_atelier":[152],"rythme_atelier":[188],"langue":[160],"accessibilite":[145,165,164,181,149],"saison":[76],"type_programmation":[75],"serie":[249],"categorie_cours":[],"dropin":[156],"session":[144],"statut_session":[123],"type_residence":[],"type_evenement":[],"type_acces":[256],"class_list":["post-31130","programmation","type-programmation","status-publish","has-post-thumbnail","hentry","categorie_atelier-somatic","rythme_atelier-slow","langue-french-english","accessibilite-exercices-are-adaptable","accessibilite-floor-work","accessibilite-physical-contact-between-participants","accessibilite-short-verbal-explications","accessibilite-visual-support-i-e-documentation-texts","saison-25-26","type_programmation-atelier-professionnel","serie-return-to-self","dropin-monday-tuesday-only","session-winter-2026","statut_session-session-affichee-sur-le-site-web","type_acces-paid-2"],"acf":{"nom_des_artistes":"Linda Rabin","titre":"Continuum and Self-Care: the healing from within ","titre_formate":"Linda Rabin - Continuum and Self-Care: the healing from within ","resume":"A Continuum workshop inviting to bring attention to our biological organism as a breathing, fluid expression of life.<br>","date_de_debut":"2026-01-26","date_de_debut_iso":"20260126","heure_de_debut":"9:30","date_de_fin":"2026-01-30","date_de_fin_iso":"20260130","heure_de_fin":"12:30","date_formatee_archives":"Monday, 26 \u21fe Friday, Jan. 30 2026 &middot; 09:30 to 12:30","date_formatee_contenu":"26 \u21fe Jan. 30 2026 (Monday - Friday)","heure_formatee_contenu":"09:30 to 12:30","jour_de_la_semaine":"","tarif_atelier_pro":"$95","drop_ins_permis":"","tarif_drop_in_atelier_pro":"$28","mode_de_paiement":"","methode_inscription":"","tarifs":"","highlight":"","langue_des_questions":"French, English","credit_photo":"\u00a9 Tony Chong","photos_de_residence":null,"credit_photos_residence":"","objectif":"In this workshop, we will explore the gifts that come when we bring attention to our biological organism as a breathing, fluid expression of life. When we attend to ourselves in this way, we stimulate our body\u2019s capacity for self-regulation and well-being. <br><br>Continuum is a refreshing resource that informs our personal, physical and relational life, our creative activities and in general, how we perceive and engage with the world in which we live.<br>","contenu":"We are invited to sense and feel, to listen and receive, to engage with breath, vocalized sound and silence, to explore movement, be in stillness and discover our innate fluid aliveness<br>","biographie":"<strong><a href=\"https:\/\/lindarabin.com\">Linda Rabin<\/a><\/strong> brings to her teaching 60 years of experience in the fields of dance, movement education, coaching and directing. In her earlier professional life, she was a choreographer, dance teacher and co-founder of l\u2019\u00c9cole de danse contemporaine de Montr\u00e9al (founded in 1981). In the 1990s, Linda turned her attention to somatic education and became a certified practitioner of Body-Mind Centering\u00ae, and an authorized teacher of Continuum, a practice that is at the heart of her teaching today. As an international Continuum workshop leader, Linda teaches in Montreal, elsewhere in Canada, Europe, and Asia. She shares her life\u2019s passion with people from all walks of life: movement both as art and healing, as a way of life knowledge and spiritual practice.<br>","citations":"","mention_des_partenaires":"This workshop is supported by the <a href=\"https:\/\/www.cfcmontreal.org\/\">Conseil de la formation continue arts et culture de Montr\u00e9al (CFC)<\/a> in collaboration with Studio 303. The CFC's continuing education activities are supported by the Intervention-Comp\u00e9tences program, thanks to the financial participation of the Quebec government.<br>","logos_des_partenaires":[31125,31128],"lien_inscription":"https:\/\/www.zeffy.com\/ticketing\/linda-rabin-continuum-and-self-care-the-healing-from-within","zeffy_url_integration":"","date_ouverture":null,"texte_ouverture":""},"yoast_head":"<!-- This site is optimized with the Yoast SEO plugin v27.5 - https:\/\/yoast.com\/product\/yoast-seo-wordpress\/ -->\n<title>Linda Rabin - Continuum and Self-Care: the healing from within - Studio 303<\/title>\n<meta name=\"description\" content=\"A Continuum workshop inviting to bring attention to our biological organism as a breathing, fluid expression of life.\" \/>\n<meta name=\"robots\" content=\"index, follow, max-snippet:-1, max-image-preview:large, max-video-preview:-1\" \/>\n<link rel=\"canonical\" href=\"https:\/\/www.studio303.ca\/representation\/2026-05-21-18h00-cours-du-soir-benjamin-herrero\/\" \/>\n<meta property=\"og:locale\" content=\"en_US\" \/>\n<meta property=\"og:type\" content=\"article\" \/>\n<meta property=\"og:title\" content=\"Linda Rabin - Continuum and Self-Care: the healing from within - Studio 303\" \/>\n<meta property=\"og:description\" content=\"A Continuum workshop inviting to bring attention to our biological organism as a breathing, fluid expression of life.\" \/>\n<meta property=\"og:url\" content=\"https:\/\/www.studio303.ca\/representation\/2026-05-21-18h00-cours-du-soir-benjamin-herrero\/\" \/>\n<meta property=\"og:site_name\" content=\"Studio 303\" \/>\n<meta property=\"article:publisher\" content=\"https:\/\/www.facebook.com\/studio303.montreal\" \/>\n<meta property=\"article:modified_time\" content=\"2025-10-15T15:15:56+00:00\" \/>\n<meta property=\"og:image\" content=\"https:\/\/www.studio303.ca\/wp-content\/uploads\/2025\/10\/linda-rabin-tony-chong-1.png\" \/>\n\t<meta property=\"og:image:width\" content=\"960\" \/>\n\t<meta property=\"og:image:height\" content=\"536\" \/>\n\t<meta property=\"og:image:type\" content=\"image\/png\" \/>\n<meta name=\"twitter:card\" content=\"summary_large_image\" \/>\n<script type=\"application\/ld+json\" class=\"yoast-schema-graph\">{\"@context\":\"https:\\\/\\\/schema.org\",\"@graph\":[{\"@type\":\"Article\",\"@id\":\"https:\\\/\\\/www.studio303.ca\\\/representation\\\/2026-05-21-18h00-cours-du-soir-benjamin-herrero\\\/#article\",\"isPartOf\":{\"@id\":\"https:\\\/\\\/www.studio303.ca\\\/representation\\\/2026-05-21-18h00-cours-du-soir-benjamin-herrero\\\/\"},\"author\":{\"name\":\"a10s_anika\",\"@id\":\"https:\\\/\\\/www.studio303.ca\\\/#\\\/schema\\\/person\\\/6d0fd31b25fe6cb76ea2a1fb0da0387e\"},\"headline\":\"Linda Rabin &#8211; Continuum and Self-Care: the healing from within &#8211; 25-26 &#8211; EN\",\"datePublished\":\"2025-10-13T16:36:35+00:00\",\"dateModified\":\"2025-10-15T15:15:56+00:00\",\"mainEntityOfPage\":{\"@id\":\"https:\\\/\\\/www.studio303.ca\\\/representation\\\/2026-05-21-18h00-cours-du-soir-benjamin-herrero\\\/\"},\"wordCount\":14,\"publisher\":{\"@id\":\"https:\\\/\\\/www.studio303.ca\\\/#organization\"},\"image\":{\"@id\":\"https:\\\/\\\/www.studio303.ca\\\/representation\\\/2026-05-21-18h00-cours-du-soir-benjamin-herrero\\\/#primaryimage\"},\"thumbnailUrl\":\"https:\\\/\\\/www.studio303.ca\\\/wp-content\\\/uploads\\\/2025\\\/10\\\/linda-rabin-tony-chong-1.png\",\"inLanguage\":\"en-US\"},{\"@type\":\"WebPage\",\"@id\":\"https:\\\/\\\/www.studio303.ca\\\/representation\\\/2026-05-21-18h00-cours-du-soir-benjamin-herrero\\\/\",\"url\":\"https:\\\/\\\/www.studio303.ca\\\/representation\\\/2026-05-21-18h00-cours-du-soir-benjamin-herrero\\\/\",\"name\":\"Linda Rabin - Continuum and Self-Care: the healing from within - Studio 303\",\"isPartOf\":{\"@id\":\"https:\\\/\\\/www.studio303.ca\\\/#website\"},\"primaryImageOfPage\":{\"@id\":\"https:\\\/\\\/www.studio303.ca\\\/representation\\\/2026-05-21-18h00-cours-du-soir-benjamin-herrero\\\/#primaryimage\"},\"image\":{\"@id\":\"https:\\\/\\\/www.studio303.ca\\\/representation\\\/2026-05-21-18h00-cours-du-soir-benjamin-herrero\\\/#primaryimage\"},\"thumbnailUrl\":\"https:\\\/\\\/www.studio303.ca\\\/wp-content\\\/uploads\\\/2025\\\/10\\\/linda-rabin-tony-chong-1.png\",\"datePublished\":\"2025-10-13T16:36:35+00:00\",\"dateModified\":\"2025-10-15T15:15:56+00:00\",\"description\":\"A Continuum workshop inviting to bring attention to our biological organism as a breathing, fluid expression of life.\",\"breadcrumb\":{\"@id\":\"https:\\\/\\\/www.studio303.ca\\\/representation\\\/2026-05-21-18h00-cours-du-soir-benjamin-herrero\\\/#breadcrumb\"},\"inLanguage\":\"en-US\",\"potentialAction\":[{\"@type\":\"ReadAction\",\"target\":[\"https:\\\/\\\/www.studio303.ca\\\/representation\\\/2026-05-21-18h00-cours-du-soir-benjamin-herrero\\\/\"]}]},{\"@type\":\"ImageObject\",\"inLanguage\":\"en-US\",\"@id\":\"https:\\\/\\\/www.studio303.ca\\\/representation\\\/2026-05-21-18h00-cours-du-soir-benjamin-herrero\\\/#primaryimage\",\"url\":\"https:\\\/\\\/www.studio303.ca\\\/wp-content\\\/uploads\\\/2025\\\/10\\\/linda-rabin-tony-chong-1.png\",\"contentUrl\":\"https:\\\/\\\/www.studio303.ca\\\/wp-content\\\/uploads\\\/2025\\\/10\\\/linda-rabin-tony-chong-1.png\",\"width\":960,\"height\":536},{\"@type\":\"BreadcrumbList\",\"@id\":\"https:\\\/\\\/www.studio303.ca\\\/representation\\\/2026-05-21-18h00-cours-du-soir-benjamin-herrero\\\/#breadcrumb\",\"itemListElement\":[{\"@type\":\"ListItem\",\"position\":1,\"name\":\"Home\",\"item\":\"https:\\\/\\\/www.studio303.ca\\\/en\\\/home\\\/\"},{\"@type\":\"ListItem\",\"position\":2,\"name\":\"Linda Rabin &#8211; Continuum and Self-Care: the healing from within &#8211; 25-26 &#8211; EN\"}]},{\"@type\":\"WebSite\",\"@id\":\"https:\\\/\\\/www.studio303.ca\\\/#website\",\"url\":\"https:\\\/\\\/www.studio303.ca\\\/\",\"name\":\"Studio 303\",\"description\":\"Lieu de diffusion et de soutien pour la danse et l&#039;art indisciplin\u00e9 \u00e0 Montr\u00e9al.\",\"publisher\":{\"@id\":\"https:\\\/\\\/www.studio303.ca\\\/#organization\"},\"potentialAction\":[{\"@type\":\"SearchAction\",\"target\":{\"@type\":\"EntryPoint\",\"urlTemplate\":\"https:\\\/\\\/www.studio303.ca\\\/?s={search_term_string}\"},\"query-input\":{\"@type\":\"PropertyValueSpecification\",\"valueRequired\":true,\"valueName\":\"search_term_string\"}}],\"inLanguage\":\"en-US\"},{\"@type\":\"Organization\",\"@id\":\"https:\\\/\\\/www.studio303.ca\\\/#organization\",\"name\":\"Studio 303\",\"url\":\"https:\\\/\\\/www.studio303.ca\\\/\",\"logo\":{\"@type\":\"ImageObject\",\"inLanguage\":\"en-US\",\"@id\":\"https:\\\/\\\/www.studio303.ca\\\/#\\\/schema\\\/logo\\\/image\\\/\",\"url\":\"https:\\\/\\\/www.studio303.ca\\\/wp-content\\\/uploads\\\/2025\\\/08\\\/studio303-logo_black-c2586d.svg\",\"contentUrl\":\"https:\\\/\\\/www.studio303.ca\\\/wp-content\\\/uploads\\\/2025\\\/08\\\/studio303-logo_black-c2586d.svg\",\"caption\":\"Studio 303\"},\"image\":{\"@id\":\"https:\\\/\\\/www.studio303.ca\\\/#\\\/schema\\\/logo\\\/image\\\/\"},\"sameAs\":[\"https:\\\/\\\/www.facebook.com\\\/studio303.montreal\",\"http:\\\/\\\/instagram.com\\\/studio303\"]},{\"@type\":\"Person\",\"@id\":\"https:\\\/\\\/www.studio303.ca\\\/#\\\/schema\\\/person\\\/6d0fd31b25fe6cb76ea2a1fb0da0387e\",\"name\":\"a10s_anika\",\"image\":{\"@type\":\"ImageObject\",\"inLanguage\":\"en-US\",\"@id\":\"https:\\\/\\\/secure.gravatar.com\\\/avatar\\\/b9e110ff032aa161bd3d1d592327fdd588a0f5aad4f7d9c1c9941e6268cf869d?s=96&d=mm&r=g\",\"url\":\"https:\\\/\\\/secure.gravatar.com\\\/avatar\\\/b9e110ff032aa161bd3d1d592327fdd588a0f5aad4f7d9c1c9941e6268cf869d?s=96&d=mm&r=g\",\"contentUrl\":\"https:\\\/\\\/secure.gravatar.com\\\/avatar\\\/b9e110ff032aa161bd3d1d592327fdd588a0f5aad4f7d9c1c9941e6268cf869d?s=96&d=mm&r=g\",\"caption\":\"a10s_anika\"},\"url\":\"https:\\\/\\\/www.studio303.ca\\\/en\\\/author\\\/a10s_anika\\\/\"}]}<\/script>\n<!-- \/ Yoast SEO plugin. -->","yoast_head_json":{"title":"Linda Rabin - Continuum and Self-Care: the healing from within - Studio 303","description":"A Continuum workshop inviting to bring attention to our biological organism as a breathing, fluid expression of life.","robots":{"index":"index","follow":"follow","max-snippet":"max-snippet:-1","max-image-preview":"max-image-preview:large","max-video-preview":"max-video-preview:-1"},"canonical":"https:\/\/www.studio303.ca\/representation\/2026-05-21-18h00-cours-du-soir-benjamin-herrero\/","og_locale":"en_US","og_type":"article","og_title":"Linda Rabin - Continuum and Self-Care: the healing from within - Studio 303","og_description":"A Continuum workshop inviting to bring attention to our biological organism as a breathing, fluid expression of life.","og_url":"https:\/\/www.studio303.ca\/representation\/2026-05-21-18h00-cours-du-soir-benjamin-herrero\/","og_site_name":"Studio 303","article_publisher":"https:\/\/www.facebook.com\/studio303.montreal","article_modified_time":"2025-10-15T15:15:56+00:00","og_image":[{"width":960,"height":536,"url":"https:\/\/www.studio303.ca\/wp-content\/uploads\/2025\/10\/linda-rabin-tony-chong-1.png","type":"image\/png"}],"twitter_card":"summary_large_image","schema":{"@context":"https:\/\/schema.org","@graph":[{"@type":"Article","@id":"https:\/\/www.studio303.ca\/representation\/2026-05-21-18h00-cours-du-soir-benjamin-herrero\/#article","isPartOf":{"@id":"https:\/\/www.studio303.ca\/representation\/2026-05-21-18h00-cours-du-soir-benjamin-herrero\/"},"author":{"name":"a10s_anika","@id":"https:\/\/www.studio303.ca\/#\/schema\/person\/6d0fd31b25fe6cb76ea2a1fb0da0387e"},"headline":"Linda Rabin &#8211; Continuum and Self-Care: the healing from within &#8211; 25-26 &#8211; EN","datePublished":"2025-10-13T16:36:35+00:00","dateModified":"2025-10-15T15:15:56+00:00","mainEntityOfPage":{"@id":"https:\/\/www.studio303.ca\/representation\/2026-05-21-18h00-cours-du-soir-benjamin-herrero\/"},"wordCount":14,"publisher":{"@id":"https:\/\/www.studio303.ca\/#organization"},"image":{"@id":"https:\/\/www.studio303.ca\/representation\/2026-05-21-18h00-cours-du-soir-benjamin-herrero\/#primaryimage"},"thumbnailUrl":"https:\/\/www.studio303.ca\/wp-content\/uploads\/2025\/10\/linda-rabin-tony-chong-1.png","inLanguage":"en-US"},{"@type":"WebPage","@id":"https:\/\/www.studio303.ca\/representation\/2026-05-21-18h00-cours-du-soir-benjamin-herrero\/","url":"https:\/\/www.studio303.ca\/representation\/2026-05-21-18h00-cours-du-soir-benjamin-herrero\/","name":"Linda Rabin - Continuum and Self-Care: the healing from within - Studio 303","isPartOf":{"@id":"https:\/\/www.studio303.ca\/#website"},"primaryImageOfPage":{"@id":"https:\/\/www.studio303.ca\/representation\/2026-05-21-18h00-cours-du-soir-benjamin-herrero\/#primaryimage"},"image":{"@id":"https:\/\/www.studio303.ca\/representation\/2026-05-21-18h00-cours-du-soir-benjamin-herrero\/#primaryimage"},"thumbnailUrl":"https:\/\/www.studio303.ca\/wp-content\/uploads\/2025\/10\/linda-rabin-tony-chong-1.png","datePublished":"2025-10-13T16:36:35+00:00","dateModified":"2025-10-15T15:15:56+00:00","description":"A Continuum workshop inviting to bring attention to our biological organism as a breathing, fluid expression of life.","breadcrumb":{"@id":"https:\/\/www.studio303.ca\/representation\/2026-05-21-18h00-cours-du-soir-benjamin-herrero\/#breadcrumb"},"inLanguage":"en-US","potentialAction":[{"@type":"ReadAction","target":["https:\/\/www.studio303.ca\/representation\/2026-05-21-18h00-cours-du-soir-benjamin-herrero\/"]}]},{"@type":"ImageObject","inLanguage":"en-US","@id":"https:\/\/www.studio303.ca\/representation\/2026-05-21-18h00-cours-du-soir-benjamin-herrero\/#primaryimage","url":"https:\/\/www.studio303.ca\/wp-content\/uploads\/2025\/10\/linda-rabin-tony-chong-1.png","contentUrl":"https:\/\/www.studio303.ca\/wp-content\/uploads\/2025\/10\/linda-rabin-tony-chong-1.png","width":960,"height":536},{"@type":"BreadcrumbList","@id":"https:\/\/www.studio303.ca\/representation\/2026-05-21-18h00-cours-du-soir-benjamin-herrero\/#breadcrumb","itemListElement":[{"@type":"ListItem","position":1,"name":"Home","item":"https:\/\/www.studio303.ca\/en\/home\/"},{"@type":"ListItem","position":2,"name":"Linda Rabin &#8211; Continuum and Self-Care: the healing from within &#8211; 25-26 &#8211; EN"}]},{"@type":"WebSite","@id":"https:\/\/www.studio303.ca\/#website","url":"https:\/\/www.studio303.ca\/","name":"Studio 303","description":"Lieu de diffusion et de soutien pour la danse et l&#039;art indisciplin\u00e9 \u00e0 Montr\u00e9al.","publisher":{"@id":"https:\/\/www.studio303.ca\/#organization"},"potentialAction":[{"@type":"SearchAction","target":{"@type":"EntryPoint","urlTemplate":"https:\/\/www.studio303.ca\/?s={search_term_string}"},"query-input":{"@type":"PropertyValueSpecification","valueRequired":true,"valueName":"search_term_string"}}],"inLanguage":"en-US"},{"@type":"Organization","@id":"https:\/\/www.studio303.ca\/#organization","name":"Studio 303","url":"https:\/\/www.studio303.ca\/","logo":{"@type":"ImageObject","inLanguage":"en-US","@id":"https:\/\/www.studio303.ca\/#\/schema\/logo\/image\/","url":"https:\/\/www.studio303.ca\/wp-content\/uploads\/2025\/08\/studio303-logo_black-c2586d.svg","contentUrl":"https:\/\/www.studio303.ca\/wp-content\/uploads\/2025\/08\/studio303-logo_black-c2586d.svg","caption":"Studio 303"},"image":{"@id":"https:\/\/www.studio303.ca\/#\/schema\/logo\/image\/"},"sameAs":["https:\/\/www.facebook.com\/studio303.montreal","http:\/\/instagram.com\/studio303"]},{"@type":"Person","@id":"https:\/\/www.studio303.ca\/#\/schema\/person\/6d0fd31b25fe6cb76ea2a1fb0da0387e","name":"a10s_anika","image":{"@type":"ImageObject","inLanguage":"en-US","@id":"https:\/\/secure.gravatar.com\/avatar\/b9e110ff032aa161bd3d1d592327fdd588a0f5aad4f7d9c1c9941e6268cf869d?s=96&d=mm&r=g","url":"https:\/\/secure.gravatar.com\/avatar\/b9e110ff032aa161bd3d1d592327fdd588a0f5aad4f7d9c1c9941e6268cf869d?s=96&d=mm&r=g","contentUrl":"https:\/\/secure.gravatar.com\/avatar\/b9e110ff032aa161bd3d1d592327fdd588a0f5aad4f7d9c1c9941e6268cf869d?s=96&d=mm&r=g","caption":"a10s_anika"},"url":"https:\/\/www.studio303.ca\/en\/author\/a10s_anika\/"}]}},"_links":{"self":[{"href":"https:\/\/www.studio303.ca\/en\/wp-json\/wp\/v2\/programmation\/31130","targetHints":{"allow":["GET"]}}],"collection":[{"href":"https:\/\/www.studio303.ca\/en\/wp-json\/wp\/v2\/programmation"}],"about":[{"href":"https:\/\/www.studio303.ca\/en\/wp-json\/wp\/v2\/types\/programmation"}],"author":[{"embeddable":true,"href":"https:\/\/www.studio303.ca\/en\/wp-json\/wp\/v2\/users\/5"}],"version-history":[{"count":1,"href":"https:\/\/www.studio303.ca\/en\/wp-json\/wp\/v2\/programmation\/31130\/revisions"}],"predecessor-version":[{"id":31460,"href":"https:\/\/www.studio303.ca\/en\/wp-json\/wp\/v2\/programmation\/31130\/revisions\/31460"}],"acf:attachment":[{"embeddable":true,"href":"https:\/\/www.studio303.ca\/en\/wp-json\/wp\/v2\/media\/31128"},{"embeddable":true,"href":"https:\/\/www.studio303.ca\/en\/wp-json\/wp\/v2\/media\/31125"}],"wp:featuredmedia":[{"embeddable":true,"href":"https:\/\/www.studio303.ca\/en\/wp-json\/wp\/v2\/media\/31119"}],"wp:attachment":[{"href":"https:\/\/www.studio303.ca\/en\/wp-json\/wp\/v2\/media?parent=31130"}],"wp:term":[{"taxonomy":"categorie_atelier","embeddable":true,"href":"https:\/\/www.studio303.ca\/en\/wp-json\/wp\/v2\/categorie_atelier?post=31130"},{"taxonomy":"rythme_atelier","embeddable":true,"href":"https:\/\/www.studio303.ca\/en\/wp-json\/wp\/v2\/rythme_atelier?post=31130"},{"taxonomy":"langue","embeddable":true,"href":"https:\/\/www.studio303.ca\/en\/wp-json\/wp\/v2\/langue?post=31130"},{"taxonomy":"accessibilite","embeddable":true,"href":"https:\/\/www.studio303.ca\/en\/wp-json\/wp\/v2\/accessibilite?post=31130"},{"taxonomy":"saison","embeddable":true,"href":"https:\/\/www.studio303.ca\/en\/wp-json\/wp\/v2\/saison?post=31130"},{"taxonomy":"type_programmation","embeddable":true,"href":"https:\/\/www.studio303.ca\/en\/wp-json\/wp\/v2\/type_programmation?post=31130"},{"taxonomy":"serie","embeddable":true,"href":"https:\/\/www.studio303.ca\/en\/wp-json\/wp\/v2\/serie?post=31130"},{"taxonomy":"categorie_cours","embeddable":true,"href":"https:\/\/www.studio303.ca\/en\/wp-json\/wp\/v2\/categorie_cours?post=31130"},{"taxonomy":"dropin","embeddable":true,"href":"https:\/\/www.studio303.ca\/en\/wp-json\/wp\/v2\/dropin?post=31130"},{"taxonomy":"session","embeddable":true,"href":"https:\/\/www.studio303.ca\/en\/wp-json\/wp\/v2\/session?post=31130"},{"taxonomy":"statut_session","embeddable":true,"href":"https:\/\/www.studio303.ca\/en\/wp-json\/wp\/v2\/statut_session?post=31130"},{"taxonomy":"type_residence","embeddable":true,"href":"https:\/\/www.studio303.ca\/en\/wp-json\/wp\/v2\/type_residence?post=31130"},{"taxonomy":"type_evenement","embeddable":true,"href":"https:\/\/www.studio303.ca\/en\/wp-json\/wp\/v2\/type_evenement?post=31130"},{"taxonomy":"type_acces","embeddable":true,"href":"https:\/\/www.studio303.ca\/en\/wp-json\/wp\/v2\/type_acces?post=31130"}],"curies":[{"name":"wp","href":"https:\/\/api.w.org\/{rel}","templated":true}]}}